{"id":259,"date":"2021-05-26T21:31:38","date_gmt":"2021-05-26T19:31:38","guid":{"rendered":"https:\/\/www.christiancane.com\/blog\/?page_id=259"},"modified":"2021-05-31T14:50:05","modified_gmt":"2021-05-31T12:50:05","slug":"chapitre-3","status":"publish","type":"page","link":"https:\/\/www.christiancane.com\/blog\/chapitre-3\/","title":{"rendered":"UNE HISTOIRE DE FAMILLE &#8211; CHAPITRE 3 : LES ANNEES 50"},"content":{"rendered":"\t\t<div data-elementor-type=\"wp-page\" data-elementor-id=\"259\" class=\"elementor elementor-259\">\n\t\t\t\t\t\t\t\t\t<section class=\"elementor-section elementor-top-section elementor-element elementor-element-fbc9b1f elementor-section-boxed elementor-section-height-default elementor-section-height-default\" data-id=\"fbc9b1f\" data-element_type=\"section\">\n\t\t\t\t\t\t<div class=\"elementor-container elementor-column-gap-default\">\n\t\t\t\t\t<div class=\"elementor-column elementor-col-50 elementor-top-column elementor-element elementor-element-b75b522\" data-id=\"b75b522\" data-element_type=\"column\">\n\t\t\t<div class=\"elementor-widget-wrap elementor-element-populated\">\n\t\t\t\t\t\t\t\t<div class=\"elementor-element elementor-element-9faea1a elementor-widget elementor-widget-image\" data-id=\"9faea1a\" data-element_type=\"widget\" data-widget_type=\"image.default\">\n\t\t\t\t<div class=\"elementor-widget-container\">\n\t\t\t\t\t\t\t\t\t\t\t\t\t\t\t<img loading=\"lazy\" decoding=\"async\" width=\"870\" height=\"604\" src=\"https:\/\/www.christiancane.com\/blog\/wp-content\/uploads\/2021\/05\/une-histoire-de-famille_Image_116.jpg\" class=\"attachment-large size-large wp-image-242\" alt=\"\" srcset=\"https:\/\/www.christiancane.com\/blog\/wp-content\/uploads\/2021\/05\/une-histoire-de-famille_Image_116.jpg 870w, https:\/\/www.christiancane.com\/blog\/wp-content\/uploads\/2021\/05\/une-histoire-de-famille_Image_116-300x208.jpg 300w, https:\/\/www.christiancane.com\/blog\/wp-content\/uploads\/2021\/05\/une-histoire-de-famille_Image_116-768x533.jpg 768w\" sizes=\"(max-width: 870px) 100vw, 870px\" \/>\t\t\t\t\t\t\t\t\t\t\t\t\t\t\t<\/div>\n\t\t\t\t<\/div>\n\t\t\t\t<div class=\"elementor-element elementor-element-bea7bf7 elementor-widget elementor-widget-heading\" data-id=\"bea7bf7\" data-element_type=\"widget\" data-widget_type=\"heading.default\">\n\t\t\t\t<div class=\"elementor-widget-container\">\n\t\t\t<h1 class=\"elementor-heading-title elementor-size-default\">CHAPITRE 3 : LES ANNEES 50<\/h1>\t\t<\/div>\n\t\t\t\t<\/div>\n\t\t\t\t\t<\/div>\n\t\t<\/div>\n\t\t\t\t<div class=\"elementor-column elementor-col-50 elementor-top-column elementor-element elementor-element-cc606c7\" data-id=\"cc606c7\" data-element_type=\"column\">\n\t\t\t<div class=\"elementor-widget-wrap\">\n\t\t\t\t\t\t\t\t\t<\/div>\n\t\t<\/div>\n\t\t\t\t\t\t\t<\/div>\n\t\t<\/section>\n\t\t\t\t<section class=\"elementor-section elementor-top-section elementor-element elementor-element-120818f elementor-section-boxed elementor-section-height-default elementor-section-height-default\" data-id=\"120818f\" data-element_type=\"section\">\n\t\t\t\t\t\t<div class=\"elementor-container elementor-column-gap-default\">\n\t\t\t\t\t<div class=\"elementor-column elementor-col-50 elementor-top-column elementor-element elementor-element-70b023b\" data-id=\"70b023b\" data-element_type=\"column\">\n\t\t\t<div class=\"elementor-widget-wrap elementor-element-populated\">\n\t\t\t\t\t\t\t\t<div class=\"elementor-element elementor-element-853375d elementor-widget elementor-widget-text-editor\" data-id=\"853375d\" data-element_type=\"widget\" data-widget_type=\"text-editor.default\">\n\t\t\t\t<div class=\"elementor-widget-container\">\n\t\t\t\t\t\t\t<p>Au d\u00e9but de cette d\u00e9cennie la bonneterie supplante le tissage et Roanne devient la deuxi\u00e8me capitale de la maille fran\u00e7aise. C\u2019est une ville commer\u00e7ante et ouvri\u00e8re.<\/p><p>De petits ateliers de confection et de tricotage se d\u00e9nombrent par centaine. C\u2019est une des rares villes ou gr\u00e2ce au travail \u00e0 domicile presque toutes les femmes ont une activit\u00e9 salari\u00e9e. A ce titre la ville a le record de salons de coiffure et de p\u00e2tisseries par habitant. Elle est \u00e0 son apog\u00e9e.<\/p><p>En ce milieu de si\u00e8cle, la troisi\u00e8me g\u00e9n\u00e9ration voit le jour. CHRISTIAN vient de naitre. Il est la prunelle des yeux de son grand-p\u00e8re. J\u2019ai retrouv\u00e9 dans les archives de la famille un petit mot manuscrit, dat\u00e9 d\u2019une quinzaine de jour avant ma naissance, ou il \u00e9crit, d\u2019une mani\u00e8re pr\u00e9monitoire, son r\u00eave de voir les CREATIONS CHRISTIAN CANE reconnues dans la presse professionnelle.<\/p><p>Les jeunes parents sont plein de projets et les grands parents sont pr\u00eats \u00e0 prendre des distances pour les aider \u00e0 les r\u00e9aliser. Ils sont encore dynamiques et vont cr\u00e9er la chemiserie CHRISTIAN, rue Alsace Lorraine, pour distribuer les chemises que fabrique le jeune atelier des enfants. GEOVA sera la premi\u00e8re marque cr\u00e9e pour \u00eatre diffus\u00e9e dans les boutiques. Ce premier label \u00e9ph\u00e9m\u00e8re est la contraction des initiales de\u00a0<span style=\"font-size: 15px;\">GOUTTENOIRE et OVISTE, patronyme des deux dirigeants, et ne r\u00e9sistera pas \u00e0 la prochaine d\u00e9cennie.<\/span><\/p><p><span style=\"font-size: 15px;\">Cette p\u00e9riode n\u2019est pas simple car les affaires sont en dent de scie, la tr\u00e9sorerie fragile et les forts\u00a0<\/span><span style=\"font-size: 15px;\">caract\u00e8res s\u2019opposent. Seule une grande force de travail et une envie farouche de r\u00e9ussir permettra de\u00a0<\/span><span style=\"font-size: 15px;\">sauver l\u2019entreprise.<\/span><\/p><p><span style=\"font-size: 15px;\">Le management est tr\u00e8s paternaliste et bienveillant. J\u2019ai le souvenir de voyages interminables en Simca\u00a0<\/span><span style=\"font-size: 15px;\">Ch\u00e2telaine en direction de Nice, accompagn\u00e9es d\u2019ouvri\u00e8res qui n\u2019avaient jamais vu la mer. Cette \u00e9poque se\u00a0<\/span><span style=\"font-size: 15px;\">terminera dans la tristesse avec le d\u00e9c\u00e8s pr\u00e9matur\u00e9 de JEAN \u00e0 l\u2019\u00e2ge de cinquante-huit ans.<\/span><\/p>\t\t\t\t\t\t<\/div>\n\t\t\t\t<\/div>\n\t\t\t\t<div class=\"elementor-element elementor-element-72ef0b3 elementor-widget elementor-widget-image\" data-id=\"72ef0b3\" data-element_type=\"widget\" data-widget_type=\"image.default\">\n\t\t\t\t<div class=\"elementor-widget-container\">\n\t\t\t\t\t\t\t\t\t\t\t\t\t\t\t<img loading=\"lazy\" decoding=\"async\" width=\"795\" height=\"303\" src=\"https:\/\/www.christiancane.com\/blog\/wp-content\/uploads\/2021\/05\/une-histoire-de-famille_Image_115.jpg\" class=\"attachment-large size-large wp-image-212\" alt=\"\" srcset=\"https:\/\/www.christiancane.com\/blog\/wp-content\/uploads\/2021\/05\/une-histoire-de-famille_Image_115.jpg 795w, https:\/\/www.christiancane.com\/blog\/wp-content\/uploads\/2021\/05\/une-histoire-de-famille_Image_115-300x114.jpg 300w, https:\/\/www.christiancane.com\/blog\/wp-content\/uploads\/2021\/05\/une-histoire-de-famille_Image_115-768x293.jpg 768w\" sizes=\"(max-width: 795px) 100vw, 795px\" \/>\t\t\t\t\t\t\t\t\t\t\t\t\t\t\t<\/div>\n\t\t\t\t<\/div>\n\t\t\t\t\t<\/div>\n\t\t<\/div>\n\t\t\t\t<div class=\"elementor-column elementor-col-50 elementor-top-column elementor-element elementor-element-ecc1911\" data-id=\"ecc1911\" data-element_type=\"column\">\n\t\t\t<div class=\"elementor-widget-wrap elementor-element-populated\">\n\t\t\t\t\t\t\t\t<section class=\"elementor-section elementor-inner-section elementor-element elementor-element-715d34e elementor-section-boxed elementor-section-height-default elementor-section-height-default\" data-id=\"715d34e\" data-element_type=\"section\">\n\t\t\t\t\t\t<div class=\"elementor-container elementor-column-gap-default\">\n\t\t\t\t\t<div class=\"elementor-column elementor-col-50 elementor-inner-column elementor-element elementor-element-bb6dc89\" data-id=\"bb6dc89\" data-element_type=\"column\">\n\t\t\t<div class=\"elementor-widget-wrap elementor-element-populated\">\n\t\t\t\t\t\t\t\t<div class=\"elementor-element elementor-element-96c603b elementor-widget elementor-widget-image\" data-id=\"96c603b\" data-element_type=\"widget\" data-widget_type=\"image.default\">\n\t\t\t\t<div class=\"elementor-widget-container\">\n\t\t\t\t\t\t\t\t\t\t\t\t\t\t\t\t<a href=\"https:\/\/www.christiancane.com\/blog\/wp-content\/uploads\/2021\/05\/une-histoire-de-famille_Image_115-1.jpg\" data-elementor-open-lightbox=\"yes\" data-elementor-lightbox-title=\"une histoire de famille_Image_115-1\" data-e-action-hash=\"#elementor-action%3Aaction%3Dlightbox%26settings%3DeyJpZCI6MTkxLCJ1cmwiOiJodHRwczpcL1wvd3d3LmNocmlzdGlhbmNhbmUuY29tXC9ibG9nXC93cC1jb250ZW50XC91cGxvYWRzXC8yMDIxXC8wNVwvdW5lLWhpc3RvaXJlLWRlLWZhbWlsbGVfSW1hZ2VfMTE1LTEuanBnIn0%3D\">\n\t\t\t\t\t\t\t<img loading=\"lazy\" decoding=\"async\" width=\"248\" height=\"327\" src=\"https:\/\/www.christiancane.com\/blog\/wp-content\/uploads\/2021\/05\/une-histoire-de-famille_Image_115-1.jpg\" class=\"attachment-large size-large wp-image-191\" alt=\"\" srcset=\"https:\/\/www.christiancane.com\/blog\/wp-content\/uploads\/2021\/05\/une-histoire-de-famille_Image_115-1.jpg 248w, https:\/\/www.christiancane.com\/blog\/wp-content\/uploads\/2021\/05\/une-histoire-de-famille_Image_115-1-228x300.jpg 228w\" sizes=\"(max-width: 248px) 100vw, 248px\" \/>\t\t\t\t\t\t\t\t<\/a>\n\t\t\t\t\t\t\t\t\t\t\t\t\t\t\t<\/div>\n\t\t\t\t<\/div>\n\t\t\t\t\t<\/div>\n\t\t<\/div>\n\t\t\t\t<div class=\"elementor-column elementor-col-50 elementor-inner-column elementor-element elementor-element-f0cc2e7\" data-id=\"f0cc2e7\" data-element_type=\"column\">\n\t\t\t<div class=\"elementor-widget-wrap elementor-element-populated\">\n\t\t\t\t\t\t\t\t<div class=\"elementor-element elementor-element-dba4817 elementor-widget elementor-widget-image\" data-id=\"dba4817\" data-element_type=\"widget\" data-widget_type=\"image.default\">\n\t\t\t\t<div class=\"elementor-widget-container\">\n\t\t\t\t\t\t\t\t\t\t\t\t\t\t\t\t<a href=\"https:\/\/www.christiancane.com\/blog\/wp-content\/uploads\/2021\/05\/une-histoire-de-famille_Image_115-2.jpg\" data-elementor-open-lightbox=\"yes\" data-elementor-lightbox-title=\"une histoire de famille_Image_115-2\" data-e-action-hash=\"#elementor-action%3Aaction%3Dlightbox%26settings%3DeyJpZCI6MTkyLCJ1cmwiOiJodHRwczpcL1wvd3d3LmNocmlzdGlhbmNhbmUuY29tXC9ibG9nXC93cC1jb250ZW50XC91cGxvYWRzXC8yMDIxXC8wNVwvdW5lLWhpc3RvaXJlLWRlLWZhbWlsbGVfSW1hZ2VfMTE1LTIuanBnIn0%3D\">\n\t\t\t\t\t\t\t<img loading=\"lazy\" decoding=\"async\" width=\"220\" height=\"297\" src=\"https:\/\/www.christiancane.com\/blog\/wp-content\/uploads\/2021\/05\/une-histoire-de-famille_Image_115-2.jpg\" class=\"attachment-large size-large wp-image-192\" alt=\"\" \/>\t\t\t\t\t\t\t\t<\/a>\n\t\t\t\t\t\t\t\t\t\t\t\t\t\t\t<\/div>\n\t\t\t\t<\/div>\n\t\t\t\t\t<\/div>\n\t\t<\/div>\n\t\t\t\t\t\t\t<\/div>\n\t\t<\/section>\n\t\t\t\t<section class=\"elementor-section elementor-inner-section elementor-element elementor-element-fc7c626 elementor-section-boxed elementor-section-height-default elementor-section-height-default\" data-id=\"fc7c626\" data-element_type=\"section\">\n\t\t\t\t\t\t<div class=\"elementor-container elementor-column-gap-default\">\n\t\t\t\t\t<div class=\"elementor-column elementor-col-100 elementor-inner-column elementor-element elementor-element-48530ce\" data-id=\"48530ce\" data-element_type=\"column\">\n\t\t\t<div class=\"elementor-widget-wrap elementor-element-populated\">\n\t\t\t\t\t\t\t\t<div class=\"elementor-element elementor-element-c0dde4e elementor-widget elementor-widget-image\" data-id=\"c0dde4e\" data-element_type=\"widget\" data-widget_type=\"image.default\">\n\t\t\t\t<div class=\"elementor-widget-container\">\n\t\t\t\t\t\t\t\t\t\t\t\t\t\t\t\t<a href=\"https:\/\/www.christiancane.com\/blog\/wp-content\/uploads\/2021\/05\/une-histoire-de-famille_Image_208.jpg\" data-elementor-open-lightbox=\"yes\" data-elementor-lightbox-title=\"une histoire de famille_Image_208\" data-e-action-hash=\"#elementor-action%3Aaction%3Dlightbox%26settings%3DeyJpZCI6MjEzLCJ1cmwiOiJodHRwczpcL1wvd3d3LmNocmlzdGlhbmNhbmUuY29tXC9ibG9nXC93cC1jb250ZW50XC91cGxvYWRzXC8yMDIxXC8wNVwvdW5lLWhpc3RvaXJlLWRlLWZhbWlsbGVfSW1hZ2VfMjA4LmpwZyJ9\">\n\t\t\t\t\t\t\t<img loading=\"lazy\" decoding=\"async\" width=\"651\" height=\"920\" src=\"https:\/\/www.christiancane.com\/blog\/wp-content\/uploads\/2021\/05\/une-histoire-de-famille_Image_208.jpg\" class=\"attachment-large size-large wp-image-213\" alt=\"\" srcset=\"https:\/\/www.christiancane.com\/blog\/wp-content\/uploads\/2021\/05\/une-histoire-de-famille_Image_208.jpg 651w, https:\/\/www.christiancane.com\/blog\/wp-content\/uploads\/2021\/05\/une-histoire-de-famille_Image_208-212x300.jpg 212w\" sizes=\"(max-width: 651px) 100vw, 651px\" \/>\t\t\t\t\t\t\t\t<\/a>\n\t\t\t\t\t\t\t\t\t\t\t\t\t\t\t<\/div>\n\t\t\t\t<\/div>\n\t\t\t\t\t<\/div>\n\t\t<\/div>\n\t\t\t\t\t\t\t<\/div>\n\t\t<\/section>\n\t\t\t\t\t<\/div>\n\t\t<\/div>\n\t\t\t\t\t\t\t<\/div>\n\t\t<\/section>\n\t\t\t\t\t\t\t<\/div>\n\t\t","protected":false},"excerpt":{"rendered":"<p>CHAPITRE 3 : LES ANNEES 50 Au d\u00e9but de cette d\u00e9cennie la bonneterie supplante le tissage et Roanne devient la deuxi\u00e8me capitale de la maille fran\u00e7aise. C\u2019est une ville commer\u00e7ante et ouvri\u00e8re. De petits ateliers de confection et de tricotage se d\u00e9nombrent par centaine. C\u2019est une des rares villes ou gr\u00e2ce au travail \u00e0 domicile &hellip;<\/p>\n<p class=\"read-more\"> <a class=\"\" href=\"https:\/\/www.christiancane.com\/blog\/chapitre-3\/\"> <span class=\"screen-reader-text\">UNE HISTOIRE DE FAMILLE &#8211; CHAPITRE 3 : LES ANNEES 50<\/span> Lire la suite\u00a0\u00bb<\/a><\/p>\n","protected":false},"author":2,"featured_media":0,"parent":0,"menu_order":0,"comment_status":"closed","ping_status":"closed","template":"","meta":{"site-sidebar-layout":"no-sidebar","site-content-layout":"page-builder","ast-site-content-layout":"","site-content-style":"default","site-sidebar-style":"default","ast-global-header-display":"","ast-banner-title-visibility":"","ast-main-header-display":"","ast-hfb-above-header-display":"","ast-hfb-below-header-display":"","ast-hfb-mobile-header-display":"","site-post-title":"disabled","ast-breadcrumbs-content":"","ast-featured-img":"disabled","footer-sml-layout":"","theme-transparent-header-meta":"default","adv-header-id-meta":"","stick-header-meta":"","header-above-stick-meta":"","header-main-stick-meta":"","header-below-stick-meta":"","astra-migrate-meta-layouts":"","footnotes":""},"yoast_head":"<!-- This site is optimized with the Yoast SEO plugin v17.7 - https:\/\/yoast.com\/wordpress\/plugins\/seo\/ -->\n<title>CHAPITRE 3 : LES ANNEES CINQUANTE | Christian Cane<\/title>\n<meta name=\"robots\" content=\"index, follow, max-snippet:-1, max-image-preview:large, max-video-preview:-1\" \/>\n<link rel=\"canonical\" href=\"https:\/\/www.christiancane.com\/blog\/chapitre-3\/\" \/>\n<meta property=\"og:locale\" content=\"fr_FR\" \/>\n<meta property=\"og:type\" content=\"article\" \/>\n<meta property=\"og:title\" content=\"CHAPITRE 3 : LES ANNEES CINQUANTE | Christian Cane\" \/>\n<meta property=\"og:description\" content=\"CHAPITRE 3 : LES ANNEES 50 Au d\u00e9but de cette d\u00e9cennie la bonneterie supplante le tissage et Roanne devient la deuxi\u00e8me capitale de la maille fran\u00e7aise. C\u2019est une ville commer\u00e7ante et ouvri\u00e8re. De petits ateliers de confection et de tricotage se d\u00e9nombrent par centaine. C\u2019est une des rares villes ou gr\u00e2ce au travail \u00e0 domicile &hellip; UNE HISTOIRE DE FAMILLE &#8211; CHAPITRE 3 : LES ANNEES 50 Lire la suite\u00a0\u00bb\" \/>\n<meta property=\"og:url\" content=\"https:\/\/www.christiancane.com\/blog\/chapitre-3\/\" \/>\n<meta property=\"article:modified_time\" content=\"2021-05-31T12:50:05+00:00\" \/>\n<meta property=\"og:image\" content=\"https:\/\/www.christiancane.com\/blog\/wp-content\/uploads\/2021\/05\/une-histoire-de-famille_Image_116.jpg\" \/>\n<meta name=\"twitter:card\" content=\"summary_large_image\" \/>\n<meta name=\"twitter:label1\" content=\"Dur\u00e9e de lecture estim\u00e9e\" \/>\n\t<meta name=\"twitter:data1\" content=\"3 minutes\" \/>\n<script type=\"application\/ld+json\" class=\"yoast-schema-graph\">{\"@context\":\"https:\/\/schema.org\",\"@graph\":[{\"@type\":\"WebSite\",\"@id\":\"https:\/\/www.christiancane.com\/blog\/#website\",\"url\":\"https:\/\/www.christiancane.com\/blog\/\",\"name\":\"\",\"description\":\"\",\"potentialAction\":[{\"@type\":\"SearchAction\",\"target\":{\"@type\":\"EntryPoint\",\"urlTemplate\":\"https:\/\/www.christiancane.com\/blog\/?s={search_term_string}\"},\"query-input\":\"required name=search_term_string\"}],\"inLanguage\":\"fr-FR\"},{\"@type\":\"ImageObject\",\"@id\":\"https:\/\/www.christiancane.com\/blog\/chapitre-3\/#primaryimage\",\"inLanguage\":\"fr-FR\",\"url\":\"https:\/\/www.christiancane.com\/blog\/wp-content\/uploads\/2021\/05\/une-histoire-de-famille_Image_116.jpg\",\"contentUrl\":\"https:\/\/www.christiancane.com\/blog\/wp-content\/uploads\/2021\/05\/une-histoire-de-famille_Image_116.jpg\",\"width\":870,\"height\":604},{\"@type\":\"WebPage\",\"@id\":\"https:\/\/www.christiancane.com\/blog\/chapitre-3\/#webpage\",\"url\":\"https:\/\/www.christiancane.com\/blog\/chapitre-3\/\",\"name\":\"CHAPITRE 3 : LES ANNEES CINQUANTE | Christian Cane\",\"isPartOf\":{\"@id\":\"https:\/\/www.christiancane.com\/blog\/#website\"},\"primaryImageOfPage\":{\"@id\":\"https:\/\/www.christiancane.com\/blog\/chapitre-3\/#primaryimage\"},\"datePublished\":\"2021-05-26T19:31:38+00:00\",\"dateModified\":\"2021-05-31T12:50:05+00:00\",\"breadcrumb\":{\"@id\":\"https:\/\/www.christiancane.com\/blog\/chapitre-3\/#breadcrumb\"},\"inLanguage\":\"fr-FR\",\"potentialAction\":[{\"@type\":\"ReadAction\",\"target\":[\"https:\/\/www.christiancane.com\/blog\/chapitre-3\/\"]}]},{\"@type\":\"BreadcrumbList\",\"@id\":\"https:\/\/www.christiancane.com\/blog\/chapitre-3\/#breadcrumb\",\"itemListElement\":[{\"@type\":\"ListItem\",\"position\":1,\"name\":\"Accueil\",\"item\":\"https:\/\/www.christiancane.com\/blog\/\"},{\"@type\":\"ListItem\",\"position\":2,\"name\":\"UNE HISTOIRE DE FAMILLE &#8211; CHAPITRE 3 : LES ANNEES 50\"}]}]}<\/script>\n<!-- \/ Yoast SEO plugin. -->","yoast_head_json":{"title":"CHAPITRE 3 : LES ANNEES CINQUANTE | Christian Cane","robots":{"index":"index","follow":"follow","max-snippet":"max-snippet:-1","max-image-preview":"max-image-preview:large","max-video-preview":"max-video-preview:-1"},"canonical":"https:\/\/www.christiancane.com\/blog\/chapitre-3\/","og_locale":"fr_FR","og_type":"article","og_title":"CHAPITRE 3 : LES ANNEES CINQUANTE | Christian Cane","og_description":"CHAPITRE 3 : LES ANNEES 50 Au d\u00e9but de cette d\u00e9cennie la bonneterie supplante le tissage et Roanne devient la deuxi\u00e8me capitale de la maille fran\u00e7aise. C\u2019est une ville commer\u00e7ante et ouvri\u00e8re. De petits ateliers de confection et de tricotage se d\u00e9nombrent par centaine. C\u2019est une des rares villes ou gr\u00e2ce au travail \u00e0 domicile &hellip; UNE HISTOIRE DE FAMILLE &#8211; CHAPITRE 3 : LES ANNEES 50 Lire la suite\u00a0\u00bb","og_url":"https:\/\/www.christiancane.com\/blog\/chapitre-3\/","article_modified_time":"2021-05-31T12:50:05+00:00","og_image":[{"url":"https:\/\/www.christiancane.com\/blog\/wp-content\/uploads\/2021\/05\/une-histoire-de-famille_Image_116.jpg"}],"twitter_card":"summary_large_image","twitter_misc":{"Dur\u00e9e de lecture estim\u00e9e":"3 minutes"},"schema":{"@context":"https:\/\/schema.org","@graph":[{"@type":"WebSite","@id":"https:\/\/www.christiancane.com\/blog\/#website","url":"https:\/\/www.christiancane.com\/blog\/","name":"","description":"","potentialAction":[{"@type":"SearchAction","target":{"@type":"EntryPoint","urlTemplate":"https:\/\/www.christiancane.com\/blog\/?s={search_term_string}"},"query-input":"required name=search_term_string"}],"inLanguage":"fr-FR"},{"@type":"ImageObject","@id":"https:\/\/www.christiancane.com\/blog\/chapitre-3\/#primaryimage","inLanguage":"fr-FR","url":"https:\/\/www.christiancane.com\/blog\/wp-content\/uploads\/2021\/05\/une-histoire-de-famille_Image_116.jpg","contentUrl":"https:\/\/www.christiancane.com\/blog\/wp-content\/uploads\/2021\/05\/une-histoire-de-famille_Image_116.jpg","width":870,"height":604},{"@type":"WebPage","@id":"https:\/\/www.christiancane.com\/blog\/chapitre-3\/#webpage","url":"https:\/\/www.christiancane.com\/blog\/chapitre-3\/","name":"CHAPITRE 3 : LES ANNEES CINQUANTE | Christian Cane","isPartOf":{"@id":"https:\/\/www.christiancane.com\/blog\/#website"},"primaryImageOfPage":{"@id":"https:\/\/www.christiancane.com\/blog\/chapitre-3\/#primaryimage"},"datePublished":"2021-05-26T19:31:38+00:00","dateModified":"2021-05-31T12:50:05+00:00","breadcrumb":{"@id":"https:\/\/www.christiancane.com\/blog\/chapitre-3\/#breadcrumb"},"inLanguage":"fr-FR","potentialAction":[{"@type":"ReadAction","target":["https:\/\/www.christiancane.com\/blog\/chapitre-3\/"]}]},{"@type":"BreadcrumbList","@id":"https:\/\/www.christiancane.com\/blog\/chapitre-3\/#breadcrumb","itemListElement":[{"@type":"ListItem","position":1,"name":"Accueil","item":"https:\/\/www.christiancane.com\/blog\/"},{"@type":"ListItem","position":2,"name":"UNE HISTOIRE DE FAMILLE &#8211; CHAPITRE 3 : LES ANNEES 50"}]}]}},"_links":{"self":[{"href":"https:\/\/www.christiancane.com\/blog\/wp-json\/wp\/v2\/pages\/259"}],"collection":[{"href":"https:\/\/www.christiancane.com\/blog\/wp-json\/wp\/v2\/pages"}],"about":[{"href":"https:\/\/www.christiancane.com\/blog\/wp-json\/wp\/v2\/types\/page"}],"author":[{"embeddable":true,"href":"https:\/\/www.christiancane.com\/blog\/wp-json\/wp\/v2\/users\/2"}],"replies":[{"embeddable":true,"href":"https:\/\/www.christiancane.com\/blog\/wp-json\/wp\/v2\/comments?post=259"}],"version-history":[{"count":11,"href":"https:\/\/www.christiancane.com\/blog\/wp-json\/wp\/v2\/pages\/259\/revisions"}],"predecessor-version":[{"id":373,"href":"https:\/\/www.christiancane.com\/blog\/wp-json\/wp\/v2\/pages\/259\/revisions\/373"}],"wp:attachment":[{"href":"https:\/\/www.christiancane.com\/blog\/wp-json\/wp\/v2\/media?parent=259"}],"curies":[{"name":"wp","href":"https:\/\/api.w.org\/{rel}","templated":true}]}}