{"id":279,"date":"2021-05-26T21:49:39","date_gmt":"2021-05-26T19:49:39","guid":{"rendered":"https:\/\/www.christiancane.com\/blog\/?page_id=279"},"modified":"2021-05-31T14:52:20","modified_gmt":"2021-05-31T12:52:20","slug":"chapitre-7","status":"publish","type":"page","link":"https:\/\/www.christiancane.com\/blog\/chapitre-7\/","title":{"rendered":"UNE HISTOIRE DE FAMILLE &#8211; CHAPITRE 7 : LES ANNEES 90"},"content":{"rendered":"\t\t<div data-elementor-type=\"wp-page\" data-elementor-id=\"279\" class=\"elementor elementor-279\">\n\t\t\t\t\t\t\t\t\t<section class=\"elementor-section elementor-top-section elementor-element elementor-element-fbc9b1f elementor-section-boxed elementor-section-height-default elementor-section-height-default\" data-id=\"fbc9b1f\" data-element_type=\"section\">\n\t\t\t\t\t\t<div class=\"elementor-container elementor-column-gap-default\">\n\t\t\t\t\t<div class=\"elementor-column elementor-col-50 elementor-top-column elementor-element elementor-element-b75b522\" data-id=\"b75b522\" data-element_type=\"column\">\n\t\t\t<div class=\"elementor-widget-wrap elementor-element-populated\">\n\t\t\t\t\t\t\t\t<div class=\"elementor-element elementor-element-9faea1a elementor-widget elementor-widget-image\" data-id=\"9faea1a\" data-element_type=\"widget\" data-widget_type=\"image.default\">\n\t\t\t\t<div class=\"elementor-widget-container\">\n\t\t\t\t\t\t\t\t\t\t\t\t\t\t\t<img loading=\"lazy\" decoding=\"async\" width=\"700\" height=\"525\" src=\"https:\/\/www.christiancane.com\/blog\/wp-content\/uploads\/2021\/05\/une-histoire-de-famille_Image_342.jpg\" class=\"attachment-large size-large wp-image-230\" alt=\"\" srcset=\"https:\/\/www.christiancane.com\/blog\/wp-content\/uploads\/2021\/05\/une-histoire-de-famille_Image_342.jpg 700w, https:\/\/www.christiancane.com\/blog\/wp-content\/uploads\/2021\/05\/une-histoire-de-famille_Image_342-300x225.jpg 300w\" sizes=\"(max-width: 700px) 100vw, 700px\" \/>\t\t\t\t\t\t\t\t\t\t\t\t\t\t\t<\/div>\n\t\t\t\t<\/div>\n\t\t\t\t<div class=\"elementor-element elementor-element-bea7bf7 elementor-widget elementor-widget-heading\" data-id=\"bea7bf7\" data-element_type=\"widget\" data-widget_type=\"heading.default\">\n\t\t\t\t<div class=\"elementor-widget-container\">\n\t\t\t<h1 class=\"elementor-heading-title elementor-size-default\">CHAPITRE 7 : LES ANNEES 90<\/h1>\t\t<\/div>\n\t\t\t\t<\/div>\n\t\t\t\t\t<\/div>\n\t\t<\/div>\n\t\t\t\t<div class=\"elementor-column elementor-col-50 elementor-top-column elementor-element elementor-element-cc606c7\" data-id=\"cc606c7\" data-element_type=\"column\">\n\t\t\t<div class=\"elementor-widget-wrap\">\n\t\t\t\t\t\t\t\t\t<\/div>\n\t\t<\/div>\n\t\t\t\t\t\t\t<\/div>\n\t\t<\/section>\n\t\t\t\t<section class=\"elementor-section elementor-top-section elementor-element elementor-element-120818f elementor-section-boxed elementor-section-height-default elementor-section-height-default\" data-id=\"120818f\" data-element_type=\"section\">\n\t\t\t\t\t\t<div class=\"elementor-container elementor-column-gap-default\">\n\t\t\t\t\t<div class=\"elementor-column elementor-col-50 elementor-top-column elementor-element elementor-element-70b023b\" data-id=\"70b023b\" data-element_type=\"column\">\n\t\t\t<div class=\"elementor-widget-wrap elementor-element-populated\">\n\t\t\t\t\t\t\t\t<div class=\"elementor-element elementor-element-853375d elementor-widget elementor-widget-text-editor\" data-id=\"853375d\" data-element_type=\"widget\" data-widget_type=\"text-editor.default\">\n\t\t\t\t<div class=\"elementor-widget-container\">\n\t\t\t\t\t\t\t<p>Les grandes tendances qui s\u2019annon\u00e7aient dans la d\u00e9cennie pr\u00e9c\u00e9dente se mettent d\u00e9finitivement en place. L\u2019habillement se d\u00e9localise vers les pays \u00e0 bas salaire et la distribution, organis\u00e9e autour du circuit court, prend le pouvoir. Le commerce ind\u00e9pendant amorce un lent d\u00e9clin tandis que les rayons textiles des grandes surfaces et les chaines sp\u00e9cialis\u00e9es se d\u00e9veloppent \u00e0 marche forc\u00e9e. Il devient temps de changer de strat\u00e9gie. Le savoir-faire reconnu dans le v\u00eatement de nuit pour homme doit \u00eatre mis au service de ces nouveaux acteurs. Cela passera par la cr\u00e9ation d\u2019une gamme de pyjamas et de robes de chambre pour la grande distribution et les centrales d\u2019achat sous la marque BLEU NUIT. JEAN-YVES prend la direction de cette nouvelle entit\u00e9 avec une \u00e9quipe commerciale d\u00e9di\u00e9e.<\/p><p>Le march\u00e9 de l\u2019homme a toujours \u00e9t\u00e9 le parent pauvre face au march\u00e9 f\u00e9minin. Il est donc d\u00e9cid\u00e9 de cr\u00e9er un d\u00e9partement de v\u00eatement de nuit pour femme sous la marque CHRISTIAN CANE. Le challenge est os\u00e9 car le style du produit f\u00e9minin est tr\u00e8s diff\u00e9rent de celui masculin et il faudra partir d\u2019une feuille blanche. La marque est inconnue dans les lingeries et l\u2019\u00e9quipe commerciale homme n\u2019est pas introduite dans ce type de boutique. Le succ\u00e8s sera n\u00e9anmoins rapidement au rendez-vous avec le recrutement d\u2019une styliste ainsi que de commerciaux introduits dans les lingeries. L\u2019offre est cr\u00e9ative, pr\u00e9sent\u00e9e par th\u00e8me, dans une<br \/>gamme de prix attractive. Elle va s\u00e9duire une client\u00e8le plus \u00e0 la recherche de nouveaut\u00e9 que celle des chemiseries et surtout pr\u00eate \u00e0 faire confiance \u00e0 de jeunes marques. Cette diversification vers la distribution dans les lingeries, plus prometteuses, va se r\u00e9v\u00e9ler \u00eatre une formidable opportunit\u00e9 de d\u00e9veloppement<br \/>face \u00e0 la disparition progressive des habilleurs et chemisiers traditionnels. La disparition du SEHM salon exclusivement masculin en sera la cons\u00e9quence. La nouvelle pr\u00e9sence de la ligne femme au salon internationale de la lingerie \u00e0 Paris va devenir d\u00e9terminante pour imposer cette signature en France mais surtout \u00e0 l\u2019exportation. Pour identifier cette marque globale, la base line CREATEUR D\u2019INTIMITE est ajout\u00e9e afin de mettre en avant le cot\u00e9 intime de ce v\u00eatement port\u00e9 \u00e0 la maison, \u00e0 m\u00eame la peau, de jour comme de nuit.<\/p><p>Le duo, form\u00e9 par les deux fr\u00e8res, reprenant le sch\u00e9ma bic\u00e9phale des deux pr\u00e9c\u00e9dentes g\u00e9n\u00e9rations, va diriger l\u2019entreprise, tandis que l\u2019heure de la retraite sonne pour GINETTE. La nouvelle strat\u00e9gie d\u2019occuper tous les canaux de distribution pour devenir un sp\u00e9cialiste du v\u00eatement de nuit se met en place gr\u00e2ce \u00e0 de lourds investissements, tant dans l\u2019aspect humain que technologique. Le bureau de style interne s\u2019\u00e9toffe tandis que des cadres pour g\u00e9rer la fabrication et les \u00e9quipes commerciales sont recrut\u00e9s. Tous ces profonds changements ne sont rendus possibles qu\u2019avec la mise en place d\u2019une gestion informatis\u00e9e tr\u00e8s performante avec l\u2019aide d\u2019un ing\u00e9nieur en interne et d\u2019une soci\u00e9t\u00e9 de service informatique locale, toujours en place \u00e0 ce jour. Les efforts, effectu\u00e9s tr\u00e8s t\u00f4t, de l\u2019informatisation compl\u00e8te de la gestion de l\u2019entreprise vont se r\u00e9v\u00e9ler \u00eatre une strat\u00e9gie payante sur le long terme.<\/p><p>Cette restructuration radicale va permettre de g\u00e9rer la forte croissance du chiffre d\u2019affaires. Elle va passer par des investissements soutenus dans les \u00e9quipes en col blanc tandis que s\u2019amorce le d\u00e9clin de celles en col bleu. A la fin de la d\u00e9cade, l\u2019atelier sera fortement r\u00e9duit. La confection est d\u00e9localis\u00e9e en France et \u00e0 l\u2019\u00e9tranger. Tous les autres services, de cr\u00e9ation, de gestion logistique et commerciale sont maintenus au si\u00e8ge Roannais pour maitriser l\u2019ADN des diff\u00e9rentes marques. Un atelier redimensionn\u00e9 permet n\u00e9anmoins de confectionner de petites s\u00e9ries et prototypes de collection. Cette d\u00e9cision, difficile et pas toujours comprise \u00e0 l\u2019\u00e9poque, va se r\u00e9v\u00e9ler d\u00e9cisive pour r\u00e9pondre aux d\u00e9fis des prochaines ann\u00e9es. Cette aptitude \u00e0 anticiper les tendances, \u00e0 r\u00e9agir rapidement en \u00e9vitant au mieux les mauvaises directions est rendu possible par la structure familiale dirigeante et gr\u00e2ce \u00e0 une \u00e9quipe de cadres motiv\u00e9s et d\u00e9vou\u00e9s dans un climat de confiance mutuelle.<\/p>\t\t\t\t\t\t<\/div>\n\t\t\t\t<\/div>\n\t\t\t\t\t<\/div>\n\t\t<\/div>\n\t\t\t\t<div class=\"elementor-column elementor-col-50 elementor-top-column elementor-element elementor-element-ecc1911\" data-id=\"ecc1911\" data-element_type=\"column\">\n\t\t\t<div class=\"elementor-widget-wrap elementor-element-populated\">\n\t\t\t\t\t\t\t\t<section class=\"elementor-section elementor-inner-section elementor-element elementor-element-50137e6 elementor-section-boxed elementor-section-height-default elementor-section-height-default\" data-id=\"50137e6\" data-element_type=\"section\">\n\t\t\t\t\t\t<div class=\"elementor-container elementor-column-gap-default\">\n\t\t\t\t\t<div class=\"elementor-column elementor-col-50 elementor-inner-column elementor-element elementor-element-852548c\" data-id=\"852548c\" data-element_type=\"column\">\n\t\t\t<div class=\"elementor-widget-wrap elementor-element-populated\">\n\t\t\t\t\t\t\t\t<div class=\"elementor-element elementor-element-9d103b1 elementor-widget elementor-widget-image\" data-id=\"9d103b1\" data-element_type=\"widget\" data-widget_type=\"image.default\">\n\t\t\t\t<div class=\"elementor-widget-container\">\n\t\t\t\t\t\t\t\t\t\t\t\t\t\t\t\t<a href=\"https:\/\/www.christiancane.com\/blog\/wp-content\/uploads\/2021\/05\/une-histoire-de-famille_Image_339.jpg\" data-elementor-open-lightbox=\"yes\" data-elementor-lightbox-title=\"une histoire de famille_Image_339\" data-e-action-hash=\"#elementor-action%3Aaction%3Dlightbox%26settings%3DeyJpZCI6MjI3LCJ1cmwiOiJodHRwczpcL1wvd3d3LmNocmlzdGlhbmNhbmUuY29tXC9ibG9nXC93cC1jb250ZW50XC91cGxvYWRzXC8yMDIxXC8wNVwvdW5lLWhpc3RvaXJlLWRlLWZhbWlsbGVfSW1hZ2VfMzM5LmpwZyJ9\">\n\t\t\t\t\t\t\t<img loading=\"lazy\" decoding=\"async\" width=\"489\" height=\"692\" src=\"https:\/\/www.christiancane.com\/blog\/wp-content\/uploads\/2021\/05\/une-histoire-de-famille_Image_339.jpg\" class=\"attachment-large size-large wp-image-227\" alt=\"\" srcset=\"https:\/\/www.christiancane.com\/blog\/wp-content\/uploads\/2021\/05\/une-histoire-de-famille_Image_339.jpg 489w, https:\/\/www.christiancane.com\/blog\/wp-content\/uploads\/2021\/05\/une-histoire-de-famille_Image_339-212x300.jpg 212w\" sizes=\"(max-width: 489px) 100vw, 489px\" \/>\t\t\t\t\t\t\t\t<\/a>\n\t\t\t\t\t\t\t\t\t\t\t\t\t\t\t<\/div>\n\t\t\t\t<\/div>\n\t\t\t\t\t<\/div>\n\t\t<\/div>\n\t\t\t\t<div class=\"elementor-column elementor-col-50 elementor-inner-column elementor-element elementor-element-44e29d2\" data-id=\"44e29d2\" data-element_type=\"column\">\n\t\t\t<div class=\"elementor-widget-wrap elementor-element-populated\">\n\t\t\t\t\t\t\t\t<div class=\"elementor-element elementor-element-788e697 elementor-widget elementor-widget-image\" data-id=\"788e697\" data-element_type=\"widget\" data-widget_type=\"image.default\">\n\t\t\t\t<div class=\"elementor-widget-container\">\n\t\t\t\t\t\t\t\t\t\t\t\t\t\t\t\t<a href=\"https:\/\/www.christiancane.com\/blog\/wp-content\/uploads\/2021\/05\/une-histoire-de-famille_Image_338.jpg\" data-elementor-open-lightbox=\"yes\" data-elementor-lightbox-title=\"une histoire de famille_Image_338\" data-e-action-hash=\"#elementor-action%3Aaction%3Dlightbox%26settings%3DeyJpZCI6MjI2LCJ1cmwiOiJodHRwczpcL1wvd3d3LmNocmlzdGlhbmNhbmUuY29tXC9ibG9nXC93cC1jb250ZW50XC91cGxvYWRzXC8yMDIxXC8wNVwvdW5lLWhpc3RvaXJlLWRlLWZhbWlsbGVfSW1hZ2VfMzM4LmpwZyJ9\">\n\t\t\t\t\t\t\t<img loading=\"lazy\" decoding=\"async\" width=\"335\" height=\"473\" src=\"https:\/\/www.christiancane.com\/blog\/wp-content\/uploads\/2021\/05\/une-histoire-de-famille_Image_338.jpg\" class=\"attachment-large size-large wp-image-226\" alt=\"\" srcset=\"https:\/\/www.christiancane.com\/blog\/wp-content\/uploads\/2021\/05\/une-histoire-de-famille_Image_338.jpg 335w, https:\/\/www.christiancane.com\/blog\/wp-content\/uploads\/2021\/05\/une-histoire-de-famille_Image_338-212x300.jpg 212w\" sizes=\"(max-width: 335px) 100vw, 335px\" \/>\t\t\t\t\t\t\t\t<\/a>\n\t\t\t\t\t\t\t\t\t\t\t\t\t\t\t<\/div>\n\t\t\t\t<\/div>\n\t\t\t\t\t<\/div>\n\t\t<\/div>\n\t\t\t\t\t\t\t<\/div>\n\t\t<\/section>\n\t\t\t\t<section class=\"elementor-section elementor-inner-section elementor-element elementor-element-ffa7766 elementor-section-boxed elementor-section-height-default elementor-section-height-default\" data-id=\"ffa7766\" data-element_type=\"section\">\n\t\t\t\t\t\t<div class=\"elementor-container elementor-column-gap-default\">\n\t\t\t\t\t<div class=\"elementor-column elementor-col-50 elementor-inner-column elementor-element elementor-element-1b78d15\" data-id=\"1b78d15\" data-element_type=\"column\">\n\t\t\t<div class=\"elementor-widget-wrap elementor-element-populated\">\n\t\t\t\t\t\t\t\t<div class=\"elementor-element elementor-element-0e77d3d elementor-widget elementor-widget-image\" data-id=\"0e77d3d\" data-element_type=\"widget\" data-widget_type=\"image.default\">\n\t\t\t\t<div class=\"elementor-widget-container\">\n\t\t\t\t\t\t\t\t\t\t\t\t\t\t\t\t<a href=\"https:\/\/www.christiancane.com\/blog\/wp-content\/uploads\/2021\/05\/une-histoire-de-famille_Image_340.jpg\" data-elementor-open-lightbox=\"yes\" data-elementor-lightbox-title=\"une histoire de famille_Image_340\" data-e-action-hash=\"#elementor-action%3Aaction%3Dlightbox%26settings%3DeyJpZCI6MjI4LCJ1cmwiOiJodHRwczpcL1wvd3d3LmNocmlzdGlhbmNhbmUuY29tXC9ibG9nXC93cC1jb250ZW50XC91cGxvYWRzXC8yMDIxXC8wNVwvdW5lLWhpc3RvaXJlLWRlLWZhbWlsbGVfSW1hZ2VfMzQwLmpwZyJ9\">\n\t\t\t\t\t\t\t<img loading=\"lazy\" decoding=\"async\" width=\"720\" height=\"509\" src=\"https:\/\/www.christiancane.com\/blog\/wp-content\/uploads\/2021\/05\/une-histoire-de-famille_Image_340.jpg\" class=\"attachment-large size-large wp-image-228\" alt=\"\" srcset=\"https:\/\/www.christiancane.com\/blog\/wp-content\/uploads\/2021\/05\/une-histoire-de-famille_Image_340.jpg 720w, https:\/\/www.christiancane.com\/blog\/wp-content\/uploads\/2021\/05\/une-histoire-de-famille_Image_340-300x212.jpg 300w\" sizes=\"(max-width: 720px) 100vw, 720px\" \/>\t\t\t\t\t\t\t\t<\/a>\n\t\t\t\t\t\t\t\t\t\t\t\t\t\t\t<\/div>\n\t\t\t\t<\/div>\n\t\t\t\t\t<\/div>\n\t\t<\/div>\n\t\t\t\t<div class=\"elementor-column elementor-col-50 elementor-inner-column elementor-element elementor-element-0d41563\" data-id=\"0d41563\" data-element_type=\"column\">\n\t\t\t<div class=\"elementor-widget-wrap elementor-element-populated\">\n\t\t\t\t\t\t\t\t<div class=\"elementor-element elementor-element-bde0a97 elementor-widget elementor-widget-image\" data-id=\"bde0a97\" data-element_type=\"widget\" data-widget_type=\"image.default\">\n\t\t\t\t<div class=\"elementor-widget-container\">\n\t\t\t\t\t\t\t\t\t\t\t\t\t\t\t\t<a href=\"https:\/\/www.christiancane.com\/blog\/wp-content\/uploads\/2021\/05\/une-histoire-de-famille_Image_343.jpg\" data-elementor-open-lightbox=\"yes\" data-elementor-lightbox-title=\"une histoire de famille_Image_343\" data-e-action-hash=\"#elementor-action%3Aaction%3Dlightbox%26settings%3DeyJpZCI6MjMxLCJ1cmwiOiJodHRwczpcL1wvd3d3LmNocmlzdGlhbmNhbmUuY29tXC9ibG9nXC93cC1jb250ZW50XC91cGxvYWRzXC8yMDIxXC8wNVwvdW5lLWhpc3RvaXJlLWRlLWZhbWlsbGVfSW1hZ2VfMzQzLmpwZyJ9\">\n\t\t\t\t\t\t\t<img loading=\"lazy\" decoding=\"async\" width=\"715\" height=\"337\" src=\"https:\/\/www.christiancane.com\/blog\/wp-content\/uploads\/2021\/05\/une-histoire-de-famille_Image_343.jpg\" class=\"attachment-large size-large wp-image-231\" alt=\"\" srcset=\"https:\/\/www.christiancane.com\/blog\/wp-content\/uploads\/2021\/05\/une-histoire-de-famille_Image_343.jpg 715w, https:\/\/www.christiancane.com\/blog\/wp-content\/uploads\/2021\/05\/une-histoire-de-famille_Image_343-300x141.jpg 300w\" sizes=\"(max-width: 715px) 100vw, 715px\" \/>\t\t\t\t\t\t\t\t<\/a>\n\t\t\t\t\t\t\t\t\t\t\t\t\t\t\t<\/div>\n\t\t\t\t<\/div>\n\t\t\t\t\t<\/div>\n\t\t<\/div>\n\t\t\t\t\t\t\t<\/div>\n\t\t<\/section>\n\t\t\t\t<section class=\"elementor-section elementor-inner-section elementor-element elementor-element-83b79ec elementor-section-boxed elementor-section-height-default elementor-section-height-default\" data-id=\"83b79ec\" data-element_type=\"section\">\n\t\t\t\t\t\t<div class=\"elementor-container elementor-column-gap-default\">\n\t\t\t\t\t<div class=\"elementor-column elementor-col-50 elementor-inner-column elementor-element elementor-element-3f94233\" data-id=\"3f94233\" data-element_type=\"column\">\n\t\t\t<div class=\"elementor-widget-wrap elementor-element-populated\">\n\t\t\t\t\t\t\t\t<div class=\"elementor-element elementor-element-6ee97fa elementor-widget elementor-widget-image\" data-id=\"6ee97fa\" data-element_type=\"widget\" data-widget_type=\"image.default\">\n\t\t\t\t<div class=\"elementor-widget-container\">\n\t\t\t\t\t\t\t\t\t\t\t\t\t\t\t\t<a href=\"https:\/\/www.christiancane.com\/blog\/wp-content\/uploads\/2021\/05\/une-histoire-de-famille_Image_344.jpg\" data-elementor-open-lightbox=\"yes\" data-elementor-lightbox-title=\"une histoire de famille_Image_344\" data-e-action-hash=\"#elementor-action%3Aaction%3Dlightbox%26settings%3DeyJpZCI6MjMyLCJ1cmwiOiJodHRwczpcL1wvd3d3LmNocmlzdGlhbmNhbmUuY29tXC9ibG9nXC93cC1jb250ZW50XC91cGxvYWRzXC8yMDIxXC8wNVwvdW5lLWhpc3RvaXJlLWRlLWZhbWlsbGVfSW1hZ2VfMzQ0LmpwZyJ9\">\n\t\t\t\t\t\t\t<img loading=\"lazy\" decoding=\"async\" width=\"644\" height=\"911\" src=\"https:\/\/www.christiancane.com\/blog\/wp-content\/uploads\/2021\/05\/une-histoire-de-famille_Image_344.jpg\" class=\"attachment-large size-large wp-image-232\" alt=\"\" srcset=\"https:\/\/www.christiancane.com\/blog\/wp-content\/uploads\/2021\/05\/une-histoire-de-famille_Image_344.jpg 644w, https:\/\/www.christiancane.com\/blog\/wp-content\/uploads\/2021\/05\/une-histoire-de-famille_Image_344-212x300.jpg 212w\" sizes=\"(max-width: 644px) 100vw, 644px\" \/>\t\t\t\t\t\t\t\t<\/a>\n\t\t\t\t\t\t\t\t\t\t\t\t\t\t\t<\/div>\n\t\t\t\t<\/div>\n\t\t\t\t\t<\/div>\n\t\t<\/div>\n\t\t\t\t<div class=\"elementor-column elementor-col-50 elementor-inner-column elementor-element elementor-element-ee87657\" data-id=\"ee87657\" data-element_type=\"column\">\n\t\t\t<div class=\"elementor-widget-wrap elementor-element-populated\">\n\t\t\t\t\t\t\t\t<div class=\"elementor-element elementor-element-e1c6cec elementor-widget elementor-widget-image\" data-id=\"e1c6cec\" data-element_type=\"widget\" data-widget_type=\"image.default\">\n\t\t\t\t<div class=\"elementor-widget-container\">\n\t\t\t\t\t\t\t\t\t\t\t\t\t\t\t\t<a href=\"https:\/\/www.christiancane.com\/blog\/wp-content\/uploads\/2021\/05\/une-histoire-de-famille_Image_345.jpg\" data-elementor-open-lightbox=\"yes\" data-elementor-lightbox-title=\"une histoire de famille_Image_345\" data-e-action-hash=\"#elementor-action%3Aaction%3Dlightbox%26settings%3DeyJpZCI6MjMzLCJ1cmwiOiJodHRwczpcL1wvd3d3LmNocmlzdGlhbmNhbmUuY29tXC9ibG9nXC93cC1jb250ZW50XC91cGxvYWRzXC8yMDIxXC8wNVwvdW5lLWhpc3RvaXJlLWRlLWZhbWlsbGVfSW1hZ2VfMzQ1LmpwZyJ9\">\n\t\t\t\t\t\t\t<img loading=\"lazy\" decoding=\"async\" width=\"594\" height=\"815\" src=\"https:\/\/www.christiancane.com\/blog\/wp-content\/uploads\/2021\/05\/une-histoire-de-famille_Image_345.jpg\" class=\"attachment-large size-large wp-image-233\" alt=\"\" srcset=\"https:\/\/www.christiancane.com\/blog\/wp-content\/uploads\/2021\/05\/une-histoire-de-famille_Image_345.jpg 594w, https:\/\/www.christiancane.com\/blog\/wp-content\/uploads\/2021\/05\/une-histoire-de-famille_Image_345-219x300.jpg 219w\" sizes=\"(max-width: 594px) 100vw, 594px\" \/>\t\t\t\t\t\t\t\t<\/a>\n\t\t\t\t\t\t\t\t\t\t\t\t\t\t\t<\/div>\n\t\t\t\t<\/div>\n\t\t\t\t\t<\/div>\n\t\t<\/div>\n\t\t\t\t\t\t\t<\/div>\n\t\t<\/section>\n\t\t\t\t\t<\/div>\n\t\t<\/div>\n\t\t\t\t\t\t\t<\/div>\n\t\t<\/section>\n\t\t\t\t\t\t\t<\/div>\n\t\t","protected":false},"excerpt":{"rendered":"<p>CHAPITRE 7 : LES ANNEES 90 Les grandes tendances qui s\u2019annon\u00e7aient dans la d\u00e9cennie pr\u00e9c\u00e9dente se mettent d\u00e9finitivement en place. L\u2019habillement se d\u00e9localise vers les pays \u00e0 bas salaire et la distribution, organis\u00e9e autour du circuit court, prend le pouvoir. Le commerce ind\u00e9pendant amorce un lent d\u00e9clin tandis que les rayons textiles des grandes surfaces &hellip;<\/p>\n<p class=\"read-more\"> <a class=\"\" href=\"https:\/\/www.christiancane.com\/blog\/chapitre-7\/\"> <span class=\"screen-reader-text\">UNE HISTOIRE DE FAMILLE &#8211; CHAPITRE 7 : LES ANNEES 90<\/span> Lire la suite\u00a0\u00bb<\/a><\/p>\n","protected":false},"author":2,"featured_media":0,"parent":0,"menu_order":0,"comment_status":"closed","ping_status":"closed","template":"","meta":{"site-sidebar-layout":"no-sidebar","site-content-layout":"page-builder","ast-site-content-layout":"","site-content-style":"default","site-sidebar-style":"default","ast-global-header-display":"","ast-banner-title-visibility":"","ast-main-header-display":"","ast-hfb-above-header-display":"","ast-hfb-below-header-display":"","ast-hfb-mobile-header-display":"","site-post-title":"disabled","ast-breadcrumbs-content":"","ast-featured-img":"disabled","footer-sml-layout":"","theme-transparent-header-meta":"default","adv-header-id-meta":"","stick-header-meta":"","header-above-stick-meta":"","header-main-stick-meta":"","header-below-stick-meta":"","astra-migrate-meta-layouts":"","footnotes":""},"yoast_head":"<!-- This site is optimized with the Yoast SEO plugin v17.7 - https:\/\/yoast.com\/wordpress\/plugins\/seo\/ -->\n<title>CHAPITRE 7 : LES ANNES 90 | Christian Cane<\/title>\n<meta name=\"robots\" content=\"index, follow, max-snippet:-1, max-image-preview:large, max-video-preview:-1\" \/>\n<link rel=\"canonical\" href=\"https:\/\/www.christiancane.com\/blog\/chapitre-7\/\" \/>\n<meta property=\"og:locale\" content=\"fr_FR\" \/>\n<meta property=\"og:type\" content=\"article\" \/>\n<meta property=\"og:title\" content=\"CHAPITRE 7 : LES ANNES 90 | Christian Cane\" \/>\n<meta property=\"og:description\" content=\"CHAPITRE 7 : LES ANNEES 90 Les grandes tendances qui s\u2019annon\u00e7aient dans la d\u00e9cennie pr\u00e9c\u00e9dente se mettent d\u00e9finitivement en place. L\u2019habillement se d\u00e9localise vers les pays \u00e0 bas salaire et la distribution, organis\u00e9e autour du circuit court, prend le pouvoir. Le commerce ind\u00e9pendant amorce un lent d\u00e9clin tandis que les rayons textiles des grandes surfaces &hellip; UNE HISTOIRE DE FAMILLE &#8211; CHAPITRE 7 : LES ANNEES 90 Lire la suite\u00a0\u00bb\" \/>\n<meta property=\"og:url\" content=\"https:\/\/www.christiancane.com\/blog\/chapitre-7\/\" \/>\n<meta property=\"article:modified_time\" content=\"2021-05-31T12:52:20+00:00\" \/>\n<meta property=\"og:image\" content=\"https:\/\/www.christiancane.com\/blog\/wp-content\/uploads\/2021\/05\/une-histoire-de-famille_Image_342.jpg\" \/>\n<meta name=\"twitter:card\" content=\"summary_large_image\" \/>\n<meta name=\"twitter:label1\" content=\"Dur\u00e9e de lecture estim\u00e9e\" \/>\n\t<meta name=\"twitter:data1\" content=\"5 minutes\" \/>\n<script type=\"application\/ld+json\" class=\"yoast-schema-graph\">{\"@context\":\"https:\/\/schema.org\",\"@graph\":[{\"@type\":\"WebSite\",\"@id\":\"https:\/\/www.christiancane.com\/blog\/#website\",\"url\":\"https:\/\/www.christiancane.com\/blog\/\",\"name\":\"\",\"description\":\"\",\"potentialAction\":[{\"@type\":\"SearchAction\",\"target\":{\"@type\":\"EntryPoint\",\"urlTemplate\":\"https:\/\/www.christiancane.com\/blog\/?s={search_term_string}\"},\"query-input\":\"required name=search_term_string\"}],\"inLanguage\":\"fr-FR\"},{\"@type\":\"ImageObject\",\"@id\":\"https:\/\/www.christiancane.com\/blog\/chapitre-7\/#primaryimage\",\"inLanguage\":\"fr-FR\",\"url\":\"https:\/\/www.christiancane.com\/blog\/wp-content\/uploads\/2021\/05\/une-histoire-de-famille_Image_342.jpg\",\"contentUrl\":\"https:\/\/www.christiancane.com\/blog\/wp-content\/uploads\/2021\/05\/une-histoire-de-famille_Image_342.jpg\",\"width\":700,\"height\":525},{\"@type\":\"WebPage\",\"@id\":\"https:\/\/www.christiancane.com\/blog\/chapitre-7\/#webpage\",\"url\":\"https:\/\/www.christiancane.com\/blog\/chapitre-7\/\",\"name\":\"CHAPITRE 7 : LES ANNES 90 | Christian Cane\",\"isPartOf\":{\"@id\":\"https:\/\/www.christiancane.com\/blog\/#website\"},\"primaryImageOfPage\":{\"@id\":\"https:\/\/www.christiancane.com\/blog\/chapitre-7\/#primaryimage\"},\"datePublished\":\"2021-05-26T19:49:39+00:00\",\"dateModified\":\"2021-05-31T12:52:20+00:00\",\"breadcrumb\":{\"@id\":\"https:\/\/www.christiancane.com\/blog\/chapitre-7\/#breadcrumb\"},\"inLanguage\":\"fr-FR\",\"potentialAction\":[{\"@type\":\"ReadAction\",\"target\":[\"https:\/\/www.christiancane.com\/blog\/chapitre-7\/\"]}]},{\"@type\":\"BreadcrumbList\",\"@id\":\"https:\/\/www.christiancane.com\/blog\/chapitre-7\/#breadcrumb\",\"itemListElement\":[{\"@type\":\"ListItem\",\"position\":1,\"name\":\"Accueil\",\"item\":\"https:\/\/www.christiancane.com\/blog\/\"},{\"@type\":\"ListItem\",\"position\":2,\"name\":\"UNE HISTOIRE DE FAMILLE &#8211; CHAPITRE 7 : LES ANNEES 90\"}]}]}<\/script>\n<!-- \/ Yoast SEO plugin. -->","yoast_head_json":{"title":"CHAPITRE 7 : LES ANNES 90 | Christian Cane","robots":{"index":"index","follow":"follow","max-snippet":"max-snippet:-1","max-image-preview":"max-image-preview:large","max-video-preview":"max-video-preview:-1"},"canonical":"https:\/\/www.christiancane.com\/blog\/chapitre-7\/","og_locale":"fr_FR","og_type":"article","og_title":"CHAPITRE 7 : LES ANNES 90 | Christian Cane","og_description":"CHAPITRE 7 : LES ANNEES 90 Les grandes tendances qui s\u2019annon\u00e7aient dans la d\u00e9cennie pr\u00e9c\u00e9dente se mettent d\u00e9finitivement en place. L\u2019habillement se d\u00e9localise vers les pays \u00e0 bas salaire et la distribution, organis\u00e9e autour du circuit court, prend le pouvoir. Le commerce ind\u00e9pendant amorce un lent d\u00e9clin tandis que les rayons textiles des grandes surfaces &hellip; UNE HISTOIRE DE FAMILLE &#8211; CHAPITRE 7 : LES ANNEES 90 Lire la suite\u00a0\u00bb","og_url":"https:\/\/www.christiancane.com\/blog\/chapitre-7\/","article_modified_time":"2021-05-31T12:52:20+00:00","og_image":[{"url":"https:\/\/www.christiancane.com\/blog\/wp-content\/uploads\/2021\/05\/une-histoire-de-famille_Image_342.jpg"}],"twitter_card":"summary_large_image","twitter_misc":{"Dur\u00e9e de lecture estim\u00e9e":"5 minutes"},"schema":{"@context":"https:\/\/schema.org","@graph":[{"@type":"WebSite","@id":"https:\/\/www.christiancane.com\/blog\/#website","url":"https:\/\/www.christiancane.com\/blog\/","name":"","description":"","potentialAction":[{"@type":"SearchAction","target":{"@type":"EntryPoint","urlTemplate":"https:\/\/www.christiancane.com\/blog\/?s={search_term_string}"},"query-input":"required name=search_term_string"}],"inLanguage":"fr-FR"},{"@type":"ImageObject","@id":"https:\/\/www.christiancane.com\/blog\/chapitre-7\/#primaryimage","inLanguage":"fr-FR","url":"https:\/\/www.christiancane.com\/blog\/wp-content\/uploads\/2021\/05\/une-histoire-de-famille_Image_342.jpg","contentUrl":"https:\/\/www.christiancane.com\/blog\/wp-content\/uploads\/2021\/05\/une-histoire-de-famille_Image_342.jpg","width":700,"height":525},{"@type":"WebPage","@id":"https:\/\/www.christiancane.com\/blog\/chapitre-7\/#webpage","url":"https:\/\/www.christiancane.com\/blog\/chapitre-7\/","name":"CHAPITRE 7 : LES ANNES 90 | Christian Cane","isPartOf":{"@id":"https:\/\/www.christiancane.com\/blog\/#website"},"primaryImageOfPage":{"@id":"https:\/\/www.christiancane.com\/blog\/chapitre-7\/#primaryimage"},"datePublished":"2021-05-26T19:49:39+00:00","dateModified":"2021-05-31T12:52:20+00:00","breadcrumb":{"@id":"https:\/\/www.christiancane.com\/blog\/chapitre-7\/#breadcrumb"},"inLanguage":"fr-FR","potentialAction":[{"@type":"ReadAction","target":["https:\/\/www.christiancane.com\/blog\/chapitre-7\/"]}]},{"@type":"BreadcrumbList","@id":"https:\/\/www.christiancane.com\/blog\/chapitre-7\/#breadcrumb","itemListElement":[{"@type":"ListItem","position":1,"name":"Accueil","item":"https:\/\/www.christiancane.com\/blog\/"},{"@type":"ListItem","position":2,"name":"UNE HISTOIRE DE FAMILLE &#8211; CHAPITRE 7 : LES ANNEES 90"}]}]}},"_links":{"self":[{"href":"https:\/\/www.christiancane.com\/blog\/wp-json\/wp\/v2\/pages\/279"}],"collection":[{"href":"https:\/\/www.christiancane.com\/blog\/wp-json\/wp\/v2\/pages"}],"about":[{"href":"https:\/\/www.christiancane.com\/blog\/wp-json\/wp\/v2\/types\/page"}],"author":[{"embeddable":true,"href":"https:\/\/www.christiancane.com\/blog\/wp-json\/wp\/v2\/users\/2"}],"replies":[{"embeddable":true,"href":"https:\/\/www.christiancane.com\/blog\/wp-json\/wp\/v2\/comments?post=279"}],"version-history":[{"count":17,"href":"https:\/\/www.christiancane.com\/blog\/wp-json\/wp\/v2\/pages\/279\/revisions"}],"predecessor-version":[{"id":379,"href":"https:\/\/www.christiancane.com\/blog\/wp-json\/wp\/v2\/pages\/279\/revisions\/379"}],"wp:attachment":[{"href":"https:\/\/www.christiancane.com\/blog\/wp-json\/wp\/v2\/media?parent=279"}],"curies":[{"name":"wp","href":"https:\/\/api.w.org\/{rel}","templated":true}]}}