{"id":393,"date":"2021-09-20T16:59:17","date_gmt":"2021-09-20T14:59:17","guid":{"rendered":"https:\/\/www.christiancane.com\/blog\/?page_id=393"},"modified":"2021-09-20T17:52:01","modified_gmt":"2021-09-20T15:52:01","slug":"une-histoire-de-famille-chapitre-8-les-annees-2000","status":"publish","type":"page","link":"https:\/\/www.christiancane.com\/blog\/une-histoire-de-famille-chapitre-8-les-annees-2000\/","title":{"rendered":"UNE HISTOIRE DE FAMILLE &#8211; CHAPITRE 9 : LES ANNEES 2010"},"content":{"rendered":"\t\t<div data-elementor-type=\"wp-page\" data-elementor-id=\"393\" class=\"elementor elementor-393\">\n\t\t\t\t\t\t\t\t\t<section class=\"elementor-section elementor-top-section elementor-element elementor-element-fbc9b1f elementor-section-boxed elementor-section-height-default elementor-section-height-default\" data-id=\"fbc9b1f\" data-element_type=\"section\">\n\t\t\t\t\t\t<div class=\"elementor-container elementor-column-gap-default\">\n\t\t\t\t\t<div class=\"elementor-column elementor-col-50 elementor-top-column elementor-element elementor-element-b75b522\" data-id=\"b75b522\" data-element_type=\"column\">\n\t\t\t<div class=\"elementor-widget-wrap elementor-element-populated\">\n\t\t\t\t\t\t\t\t<div class=\"elementor-element elementor-element-01080bf elementor-widget elementor-widget-image\" data-id=\"01080bf\" data-element_type=\"widget\" data-widget_type=\"image.default\">\n\t\t\t\t<div class=\"elementor-widget-container\">\n\t\t\t\t\t\t\t\t\t\t\t\t\t\t\t\t<a href=\"https:\/\/www.christiancane.com\/blog\/wp-content\/uploads\/2021\/05\/une-histoire-de-famille_Image_349.jpg\" data-elementor-open-lightbox=\"yes\" data-elementor-lightbox-title=\"une histoire de famille_Image_349\" data-e-action-hash=\"#elementor-action%3Aaction%3Dlightbox%26settings%3DeyJpZCI6MjM3LCJ1cmwiOiJodHRwczpcL1wvd3d3LmNocmlzdGlhbmNhbmUuY29tXC9ibG9nXC93cC1jb250ZW50XC91cGxvYWRzXC8yMDIxXC8wNVwvdW5lLWhpc3RvaXJlLWRlLWZhbWlsbGVfSW1hZ2VfMzQ5LmpwZyJ9\">\n\t\t\t\t\t\t\t<img loading=\"lazy\" decoding=\"async\" width=\"1024\" height=\"644\" src=\"https:\/\/www.christiancane.com\/blog\/wp-content\/uploads\/2021\/05\/une-histoire-de-famille_Image_349-1024x644.jpg\" class=\"attachment-large size-large wp-image-237\" alt=\"\" srcset=\"https:\/\/www.christiancane.com\/blog\/wp-content\/uploads\/2021\/05\/une-histoire-de-famille_Image_349-1024x644.jpg 1024w, https:\/\/www.christiancane.com\/blog\/wp-content\/uploads\/2021\/05\/une-histoire-de-famille_Image_349-300x189.jpg 300w, https:\/\/www.christiancane.com\/blog\/wp-content\/uploads\/2021\/05\/une-histoire-de-famille_Image_349-768x483.jpg 768w, https:\/\/www.christiancane.com\/blog\/wp-content\/uploads\/2021\/05\/une-histoire-de-famille_Image_349.jpg 1144w\" sizes=\"(max-width: 1024px) 100vw, 1024px\" \/>\t\t\t\t\t\t\t\t<\/a>\n\t\t\t\t\t\t\t\t\t\t\t\t\t\t\t<\/div>\n\t\t\t\t<\/div>\n\t\t\t\t<div class=\"elementor-element elementor-element-bea7bf7 elementor-widget elementor-widget-heading\" data-id=\"bea7bf7\" data-element_type=\"widget\" data-widget_type=\"heading.default\">\n\t\t\t\t<div class=\"elementor-widget-container\">\n\t\t\t<h1 class=\"elementor-heading-title elementor-size-default\">CHAPITRE 9 : LES ANNEES 2010<\/h1>\t\t<\/div>\n\t\t\t\t<\/div>\n\t\t\t\t\t<\/div>\n\t\t<\/div>\n\t\t\t\t<div class=\"elementor-column elementor-col-50 elementor-top-column elementor-element elementor-element-cc606c7\" data-id=\"cc606c7\" data-element_type=\"column\">\n\t\t\t<div class=\"elementor-widget-wrap\">\n\t\t\t\t\t\t\t\t\t<\/div>\n\t\t<\/div>\n\t\t\t\t\t\t\t<\/div>\n\t\t<\/section>\n\t\t\t\t<section class=\"elementor-section elementor-top-section elementor-element elementor-element-120818f elementor-section-boxed elementor-section-height-default elementor-section-height-default\" data-id=\"120818f\" data-element_type=\"section\">\n\t\t\t\t\t\t<div class=\"elementor-container elementor-column-gap-default\">\n\t\t\t\t\t<div class=\"elementor-column elementor-col-50 elementor-top-column elementor-element elementor-element-70b023b\" data-id=\"70b023b\" data-element_type=\"column\">\n\t\t\t<div class=\"elementor-widget-wrap elementor-element-populated\">\n\t\t\t\t\t\t\t\t<div class=\"elementor-element elementor-element-853375d elementor-widget elementor-widget-text-editor\" data-id=\"853375d\" data-element_type=\"widget\" data-widget_type=\"text-editor.default\">\n\t\t\t\t<div class=\"elementor-widget-container\">\n\t\t\t\t\t\t\t<p>La crise de 2008 a laiss\u00e9 des traces et la d\u00e9cade commence par une baisse d\u2019activit\u00e9 chez nos d\u00e9taillants en France mais surtout \u00e0 l\u2019exportation. Les centrales d\u2019achat r\u00e9duisent leur cout en supprimant les interm\u00e9diaires et importent directement. La cr\u00e9ation de nouvelles boutiques de centre-ville est stopp\u00e9e. Une restructuration devient indispensable et entraine une r\u00e9duction des effectifs. Une politique d\u2019\u00e9conomie est engag\u00e9e \u00e0 tous les niveaux sans r\u00e9duire les budgets de la cr\u00e9ation et de la communication qui restent des postes strat\u00e9giques pour l\u2019image de la marque CHRISTIAN CANE. La signature d\u2019une licence avec le peintre Thierry Poncelet pour proposer sous la marque PILUS une ligne de v\u00eatement de nuit, y compris pour l\u2019enfant, restera une tentative \u00e9ph\u00e9m\u00e8re de diversification. La pr\u00e9sence dans les salons professionnels est maintenue tout comme le positionnement attractif des tarifs de vente. Le bureau de style se voit confier la mission de cr\u00e9er une collection dans l\u2019air du temps. Ce sera la marque LE PYJAMA FRAN\u00c7AIS qui met en avant les codes tricolores et la fabrication fran\u00e7aise avec les mati\u00e8res premi\u00e8res issues de la r\u00e9gion et une fabrication dans notre propre atelier. Les marques dat\u00e9es comme BLEU NUIT et SO\u2026 SPA sont arr\u00eat\u00e9es.<\/p><p>Si la vente sur les canaux traditionnels de distribution est maintenue, c\u2019est dans ces p\u00e9riodes compliqu\u00e9es que l\u2019entreprise sait trouver les ressources n\u00e9cessaires pour r\u00e9agir. Il apparait \u00e9vident que les nombreuses marques qui composent son portefeuille doivent \u00eatre r\u00e9duites et une seule pr\u00e9sente sur le digital. Il est d\u00e9cid\u00e9 de mettre tous les efforts humains et financiers pour d\u00e9velopper notre propre site de vente sur internet. Apr\u00e8s une longue r\u00e9flexion, c\u2019est bien sous la marque totem CHRISTIAN CANE qu\u2019il sera lanc\u00e9. Il propose la gamme compl\u00e8te de v\u00eatement de nuit pour homme et femme. Cette capacit\u00e9 de r\u00e9action et de prise de risque est bien dans l\u2019ADN de l\u2019entreprise. Elle est rendue possible avec le concours de ses \u00e9quipes et de leurs comp\u00e9tences. La gestion multi canal et multi marque s\u2019appuie encore et toujours sur une mise \u00e0 jour constante de son outil informatis\u00e9 et maitris\u00e9 en interne. La mise \u00e0 jour de ses logos et de ses marques annexes est bien la preuve de sa r\u00e9activit\u00e9 et de son sens de l\u2019adaptation.<\/p><p>Tout au long de ces dix derni\u00e8res ann\u00e9es, la direction est assur\u00e9e par JEAN-YVES et devient coll\u00e9giale avec deux cadres de confiance au d\u00e9part \u00e0 la retraite de CHRISTIAN. La recherche de croissance externe, entam\u00e9e d\u00e8s le d\u00e9but de la d\u00e9cennie, finira par aboutir apr\u00e8s l\u2019\u00e9tude de nombreux dossiers abandonn\u00e9s. La<br>prospection d\u2019un site de vente de produits textiles et de d\u00e9coration dans l\u2019univers de la maison, compl\u00e9mentaires de notre offre de nuit, se concr\u00e9tise. Encore une fois c\u2019est dans le territoire Roannais que l\u2019on trouvera le site DOULITO. L\u2019achat est effectif \u00e0 la fin de la d\u00e9cennie et tout l\u2019actif est transf\u00e9r\u00e9 dans l\u2019usine de l\u2019impasse FONTVAL, largement dimensionn\u00e9 pour l\u2019accueillir. Le challenge qui nous attend est immense car il faut \u00e0 la fois comprendre un nouvel univers et une saisonnalit\u00e9 diff\u00e9rente. Autour d\u2019une \u00e9quipe soud\u00e9e et motiv\u00e9e, il repr\u00e9sente le d\u00e9fi de ces prochaines ann\u00e9es.<\/p><p>Le paysage de l\u2019habillement d\u2019aujourd\u2019hui est beaucoup plus soporifique si on le compare aux ann\u00e9es 80 et 90. Il s\u2019est install\u00e9 un consensus mou autour de la normalit\u00e9 et de la peur du risque. Les enfants de l\u2019apr\u00e8sguerre, coeur de notre client\u00e8le ont vieillis et leur fantaisie avec. Les nouvelles g\u00e9n\u00e9rations, plus \u00e0 la peine,<br>n\u2019ont pas l\u2019enthousiasme des pr\u00e9c\u00e9dentes et cela se ressent dans la mode. Ou sont pass\u00e9es la couleur, les formes originales et provocantes ? L\u2019offre pl\u00e9thorique, la mode jetable, la d\u00e9valorisation du produit ont tu\u00e9 l\u2019envie.<br>Notre atout est d\u2019avoir su garder une image qui s\u2019inscrit dans le temps long, sans trop subir les effets pervers de la mode. Ce choix assum\u00e9 qui se positionne entre tradition et modernit\u00e9 nous permet de dire, avec fiert\u00e9, que nous sommes une des deux seules soci\u00e9t\u00e9s, dirig\u00e9es par la m\u00eame famille depuis le milieu du si\u00e8cle dernier, encore en activit\u00e9 dans le Roannais.<\/p>\t\t\t\t\t\t<\/div>\n\t\t\t\t<\/div>\n\t\t\t\t\t<\/div>\n\t\t<\/div>\n\t\t\t\t<div class=\"elementor-column elementor-col-50 elementor-top-column elementor-element elementor-element-ecc1911\" data-id=\"ecc1911\" data-element_type=\"column\">\n\t\t\t<div class=\"elementor-widget-wrap elementor-element-populated\">\n\t\t\t\t\t\t\t\t<section class=\"elementor-section elementor-inner-section elementor-element elementor-element-ffa7766 elementor-section-boxed elementor-section-height-default elementor-section-height-default\" data-id=\"ffa7766\" data-element_type=\"section\">\n\t\t\t\t\t\t<div class=\"elementor-container elementor-column-gap-default\">\n\t\t\t\t\t<div class=\"elementor-column elementor-col-50 elementor-inner-column elementor-element elementor-element-1b78d15\" data-id=\"1b78d15\" data-element_type=\"column\">\n\t\t\t<div class=\"elementor-widget-wrap elementor-element-populated\">\n\t\t\t\t\t\t\t\t<div class=\"elementor-element elementor-element-0e77d3d elementor-widget elementor-widget-image\" data-id=\"0e77d3d\" data-element_type=\"widget\" data-widget_type=\"image.default\">\n\t\t\t\t<div class=\"elementor-widget-container\">\n\t\t\t\t\t\t\t\t\t\t\t\t\t\t\t\t<a href=\"https:\/\/www.christiancane.com\/blog\/wp-content\/uploads\/2021\/05\/une-histoire-de-famille_Image_351.jpg\" data-elementor-open-lightbox=\"yes\" data-elementor-lightbox-title=\"une histoire de famille_Image_351\" data-e-action-hash=\"#elementor-action%3Aaction%3Dlightbox%26settings%3DeyJpZCI6MjM5LCJ1cmwiOiJodHRwczpcL1wvd3d3LmNocmlzdGlhbmNhbmUuY29tXC9ibG9nXC93cC1jb250ZW50XC91cGxvYWRzXC8yMDIxXC8wNVwvdW5lLWhpc3RvaXJlLWRlLWZhbWlsbGVfSW1hZ2VfMzUxLmpwZyJ9\">\n\t\t\t\t\t\t\t<img loading=\"lazy\" decoding=\"async\" width=\"618\" height=\"836\" src=\"https:\/\/www.christiancane.com\/blog\/wp-content\/uploads\/2021\/05\/une-histoire-de-famille_Image_351.jpg\" class=\"attachment-large size-large wp-image-239\" alt=\"\" srcset=\"https:\/\/www.christiancane.com\/blog\/wp-content\/uploads\/2021\/05\/une-histoire-de-famille_Image_351.jpg 618w, https:\/\/www.christiancane.com\/blog\/wp-content\/uploads\/2021\/05\/une-histoire-de-famille_Image_351-222x300.jpg 222w\" sizes=\"(max-width: 618px) 100vw, 618px\" \/>\t\t\t\t\t\t\t\t<\/a>\n\t\t\t\t\t\t\t\t\t\t\t\t\t\t\t<\/div>\n\t\t\t\t<\/div>\n\t\t\t\t\t<\/div>\n\t\t<\/div>\n\t\t\t\t<div class=\"elementor-column elementor-col-50 elementor-inner-column elementor-element elementor-element-0d41563\" data-id=\"0d41563\" data-element_type=\"column\">\n\t\t\t<div class=\"elementor-widget-wrap elementor-element-populated\">\n\t\t\t\t\t\t\t\t<div class=\"elementor-element elementor-element-bde0a97 elementor-widget elementor-widget-image\" data-id=\"bde0a97\" data-element_type=\"widget\" data-widget_type=\"image.default\">\n\t\t\t\t<div class=\"elementor-widget-container\">\n\t\t\t\t\t\t\t\t\t\t\t\t\t\t\t\t<a href=\"https:\/\/www.christiancane.com\/blog\/wp-content\/uploads\/2021\/05\/une-histoire-de-famille_Image_353.jpg\" data-elementor-open-lightbox=\"yes\" data-elementor-lightbox-title=\"une histoire de famille_Image_353\" data-e-action-hash=\"#elementor-action%3Aaction%3Dlightbox%26settings%3DeyJpZCI6MjQxLCJ1cmwiOiJodHRwczpcL1wvd3d3LmNocmlzdGlhbmNhbmUuY29tXC9ibG9nXC93cC1jb250ZW50XC91cGxvYWRzXC8yMDIxXC8wNVwvdW5lLWhpc3RvaXJlLWRlLWZhbWlsbGVfSW1hZ2VfMzUzLmpwZyJ9\">\n\t\t\t\t\t\t\t<img loading=\"lazy\" decoding=\"async\" width=\"478\" height=\"719\" src=\"https:\/\/www.christiancane.com\/blog\/wp-content\/uploads\/2021\/05\/une-histoire-de-famille_Image_353.jpg\" class=\"attachment-large size-large wp-image-241\" alt=\"\" srcset=\"https:\/\/www.christiancane.com\/blog\/wp-content\/uploads\/2021\/05\/une-histoire-de-famille_Image_353.jpg 478w, https:\/\/www.christiancane.com\/blog\/wp-content\/uploads\/2021\/05\/une-histoire-de-famille_Image_353-199x300.jpg 199w\" sizes=\"(max-width: 478px) 100vw, 478px\" \/>\t\t\t\t\t\t\t\t<\/a>\n\t\t\t\t\t\t\t\t\t\t\t\t\t\t\t<\/div>\n\t\t\t\t<\/div>\n\t\t\t\t\t<\/div>\n\t\t<\/div>\n\t\t\t\t\t\t\t<\/div>\n\t\t<\/section>\n\t\t\t\t<section class=\"elementor-section elementor-inner-section elementor-element elementor-element-83b79ec elementor-section-boxed elementor-section-height-default elementor-section-height-default\" data-id=\"83b79ec\" data-element_type=\"section\">\n\t\t\t\t\t\t<div class=\"elementor-container elementor-column-gap-default\">\n\t\t\t\t\t<div class=\"elementor-column elementor-col-50 elementor-inner-column elementor-element elementor-element-3f94233\" data-id=\"3f94233\" data-element_type=\"column\">\n\t\t\t<div class=\"elementor-widget-wrap elementor-element-populated\">\n\t\t\t\t\t\t\t\t<div class=\"elementor-element elementor-element-6ee97fa elementor-widget elementor-widget-image\" data-id=\"6ee97fa\" data-element_type=\"widget\" data-widget_type=\"image.default\">\n\t\t\t\t<div class=\"elementor-widget-container\">\n\t\t\t\t\t\t\t\t\t\t\t\t\t\t\t\t<a href=\"https:\/\/www.christiancane.com\/blog\/wp-content\/uploads\/2021\/05\/une-histoire-de-famille_Image_347.jpg\" data-elementor-open-lightbox=\"yes\" data-elementor-lightbox-title=\"une histoire de famille_Image_347\" data-e-action-hash=\"#elementor-action%3Aaction%3Dlightbox%26settings%3DeyJpZCI6MjM1LCJ1cmwiOiJodHRwczpcL1wvd3d3LmNocmlzdGlhbmNhbmUuY29tXC9ibG9nXC93cC1jb250ZW50XC91cGxvYWRzXC8yMDIxXC8wNVwvdW5lLWhpc3RvaXJlLWRlLWZhbWlsbGVfSW1hZ2VfMzQ3LmpwZyJ9\">\n\t\t\t\t\t\t\t<img loading=\"lazy\" decoding=\"async\" width=\"252\" height=\"247\" src=\"https:\/\/www.christiancane.com\/blog\/wp-content\/uploads\/2021\/05\/une-histoire-de-famille_Image_347.jpg\" class=\"attachment-large size-large wp-image-235\" alt=\"\" \/>\t\t\t\t\t\t\t\t<\/a>\n\t\t\t\t\t\t\t\t\t\t\t\t\t\t\t<\/div>\n\t\t\t\t<\/div>\n\t\t\t\t\t<\/div>\n\t\t<\/div>\n\t\t\t\t<div class=\"elementor-column elementor-col-50 elementor-inner-column elementor-element elementor-element-ee87657\" data-id=\"ee87657\" data-element_type=\"column\">\n\t\t\t<div class=\"elementor-widget-wrap elementor-element-populated\">\n\t\t\t\t\t\t\t\t<div class=\"elementor-element elementor-element-e1c6cec elementor-widget elementor-widget-image\" data-id=\"e1c6cec\" data-element_type=\"widget\" data-widget_type=\"image.default\">\n\t\t\t\t<div class=\"elementor-widget-container\">\n\t\t\t\t\t\t\t\t\t\t\t\t\t\t\t\t<a href=\"https:\/\/www.christiancane.com\/blog\/wp-content\/uploads\/2021\/09\/logo-2021.jpg\" data-elementor-open-lightbox=\"yes\" data-elementor-lightbox-title=\"logo-2021\" data-e-action-hash=\"#elementor-action%3Aaction%3Dlightbox%26settings%3DeyJpZCI6NDE4LCJ1cmwiOiJodHRwczpcL1wvd3d3LmNocmlzdGlhbmNhbmUuY29tXC9ibG9nXC93cC1jb250ZW50XC91cGxvYWRzXC8yMDIxXC8wOVwvbG9nby0yMDIxLmpwZyJ9\">\n\t\t\t\t\t\t\t<img loading=\"lazy\" decoding=\"async\" width=\"1024\" height=\"644\" src=\"https:\/\/www.christiancane.com\/blog\/wp-content\/uploads\/2021\/09\/logo-2021-1024x644.jpg\" class=\"attachment-large size-large wp-image-418\" alt=\"\" srcset=\"https:\/\/www.christiancane.com\/blog\/wp-content\/uploads\/2021\/09\/logo-2021-1024x644.jpg 1024w, https:\/\/www.christiancane.com\/blog\/wp-content\/uploads\/2021\/09\/logo-2021-300x189.jpg 300w, https:\/\/www.christiancane.com\/blog\/wp-content\/uploads\/2021\/09\/logo-2021-768x483.jpg 768w, https:\/\/www.christiancane.com\/blog\/wp-content\/uploads\/2021\/09\/logo-2021.jpg 1108w\" sizes=\"(max-width: 1024px) 100vw, 1024px\" \/>\t\t\t\t\t\t\t\t<\/a>\n\t\t\t\t\t\t\t\t\t\t\t\t\t\t\t<\/div>\n\t\t\t\t<\/div>\n\t\t\t\t\t<\/div>\n\t\t<\/div>\n\t\t\t\t\t\t\t<\/div>\n\t\t<\/section>\n\t\t\t\t\t<\/div>\n\t\t<\/div>\n\t\t\t\t\t\t\t<\/div>\n\t\t<\/section>\n\t\t\t\t<section class=\"elementor-section elementor-top-section elementor-element elementor-element-81f62d4 elementor-section-boxed elementor-section-height-default elementor-section-height-default\" data-id=\"81f62d4\" data-element_type=\"section\">\n\t\t\t\t\t\t<div class=\"elementor-container elementor-column-gap-default\">\n\t\t\t\t\t<div class=\"elementor-column elementor-col-100 elementor-top-column elementor-element elementor-element-a2cd3fc\" data-id=\"a2cd3fc\" data-element_type=\"column\">\n\t\t\t<div class=\"elementor-widget-wrap elementor-element-populated\">\n\t\t\t\t\t\t\t\t<div class=\"elementor-element elementor-element-9faea1a elementor-widget elementor-widget-image\" data-id=\"9faea1a\" data-element_type=\"widget\" data-widget_type=\"image.default\">\n\t\t\t\t<div class=\"elementor-widget-container\">\n\t\t\t\t\t\t\t\t\t\t\t\t\t\t\t<img loading=\"lazy\" decoding=\"async\" width=\"1024\" height=\"727\" src=\"https:\/\/www.christiancane.com\/blog\/wp-content\/uploads\/2021\/05\/une-histoire-de-famille_Image_354-1024x727.jpg\" class=\"attachment-large size-large wp-image-195\" alt=\"\" srcset=\"https:\/\/www.christiancane.com\/blog\/wp-content\/uploads\/2021\/05\/une-histoire-de-famille_Image_354-1024x727.jpg 1024w, https:\/\/www.christiancane.com\/blog\/wp-content\/uploads\/2021\/05\/une-histoire-de-famille_Image_354-300x213.jpg 300w, https:\/\/www.christiancane.com\/blog\/wp-content\/uploads\/2021\/05\/une-histoire-de-famille_Image_354-768x545.jpg 768w, https:\/\/www.christiancane.com\/blog\/wp-content\/uploads\/2021\/05\/une-histoire-de-famille_Image_354.jpg 1165w\" sizes=\"(max-width: 1024px) 100vw, 1024px\" \/>\t\t\t\t\t\t\t\t\t\t\t\t\t\t\t<\/div>\n\t\t\t\t<\/div>\n\t\t\t\t\t<\/div>\n\t\t<\/div>\n\t\t\t\t\t\t\t<\/div>\n\t\t<\/section>\n\t\t\t\t\t\t\t<\/div>\n\t\t","protected":false},"excerpt":{"rendered":"<p>CHAPITRE 9 : LES ANNEES 2010 La crise de 2008 a laiss\u00e9 des traces et la d\u00e9cade commence par une baisse d\u2019activit\u00e9 chez nos d\u00e9taillants en France mais surtout \u00e0 l\u2019exportation. Les centrales d\u2019achat r\u00e9duisent leur cout en supprimant les interm\u00e9diaires et importent directement. La cr\u00e9ation de nouvelles boutiques de centre-ville est stopp\u00e9e. Une restructuration &hellip;<\/p>\n<p class=\"read-more\"> <a class=\"\" href=\"https:\/\/www.christiancane.com\/blog\/une-histoire-de-famille-chapitre-8-les-annees-2000\/\"> <span class=\"screen-reader-text\">UNE HISTOIRE DE FAMILLE &#8211; CHAPITRE 9 : LES ANNEES 2010<\/span> Lire la suite\u00a0\u00bb<\/a><\/p>\n","protected":false},"author":2,"featured_media":0,"parent":0,"menu_order":0,"comment_status":"closed","ping_status":"closed","template":"","meta":{"site-sidebar-layout":"no-sidebar","site-content-layout":"page-builder","ast-site-content-layout":"","site-content-style":"default","site-sidebar-style":"default","ast-global-header-display":"","ast-banner-title-visibility":"","ast-main-header-display":"","ast-hfb-above-header-display":"","ast-hfb-below-header-display":"","ast-hfb-mobile-header-display":"","site-post-title":"disabled","ast-breadcrumbs-content":"","ast-featured-img":"disabled","footer-sml-layout":"","theme-transparent-header-meta":"default","adv-header-id-meta":"","stick-header-meta":"","header-above-stick-meta":"","header-main-stick-meta":"","header-below-stick-meta":"","astra-migrate-meta-layouts":"","footnotes":""},"yoast_head":"<!-- This site is optimized with the Yoast SEO plugin v17.7 - https:\/\/yoast.com\/wordpress\/plugins\/seo\/ -->\n<title>CHAPITRE 8 : LES ANNES 2000 | Christian Cane<\/title>\n<meta name=\"robots\" content=\"index, follow, max-snippet:-1, max-image-preview:large, max-video-preview:-1\" \/>\n<link rel=\"canonical\" href=\"https:\/\/www.christiancane.com\/blog\/une-histoire-de-famille-chapitre-8-les-annees-2000\/\" \/>\n<meta property=\"og:locale\" content=\"fr_FR\" \/>\n<meta property=\"og:type\" content=\"article\" \/>\n<meta property=\"og:title\" content=\"CHAPITRE 8 : LES ANNES 2000 | Christian Cane\" \/>\n<meta property=\"og:description\" content=\"CHAPITRE 9 : LES ANNEES 2010 La crise de 2008 a laiss\u00e9 des traces et la d\u00e9cade commence par une baisse d\u2019activit\u00e9 chez nos d\u00e9taillants en France mais surtout \u00e0 l\u2019exportation. Les centrales d\u2019achat r\u00e9duisent leur cout en supprimant les interm\u00e9diaires et importent directement. La cr\u00e9ation de nouvelles boutiques de centre-ville est stopp\u00e9e. Une restructuration &hellip; UNE HISTOIRE DE FAMILLE &#8211; CHAPITRE 9 : LES ANNEES 2010 Lire la suite\u00a0\u00bb\" \/>\n<meta property=\"og:url\" content=\"https:\/\/www.christiancane.com\/blog\/une-histoire-de-famille-chapitre-8-les-annees-2000\/\" \/>\n<meta property=\"article:modified_time\" content=\"2021-09-20T15:52:01+00:00\" \/>\n<meta property=\"og:image\" content=\"https:\/\/www.christiancane.com\/blog\/wp-content\/uploads\/2021\/05\/une-histoire-de-famille_Image_349-1024x644.jpg\" \/>\n<meta name=\"twitter:card\" content=\"summary_large_image\" \/>\n<meta name=\"twitter:label1\" content=\"Dur\u00e9e de lecture estim\u00e9e\" \/>\n\t<meta name=\"twitter:data1\" content=\"5 minutes\" \/>\n<script type=\"application\/ld+json\" class=\"yoast-schema-graph\">{\"@context\":\"https:\/\/schema.org\",\"@graph\":[{\"@type\":\"WebSite\",\"@id\":\"https:\/\/www.christiancane.com\/blog\/#website\",\"url\":\"https:\/\/www.christiancane.com\/blog\/\",\"name\":\"\",\"description\":\"\",\"potentialAction\":[{\"@type\":\"SearchAction\",\"target\":{\"@type\":\"EntryPoint\",\"urlTemplate\":\"https:\/\/www.christiancane.com\/blog\/?s={search_term_string}\"},\"query-input\":\"required name=search_term_string\"}],\"inLanguage\":\"fr-FR\"},{\"@type\":\"ImageObject\",\"@id\":\"https:\/\/www.christiancane.com\/blog\/une-histoire-de-famille-chapitre-8-les-annees-2000\/#primaryimage\",\"inLanguage\":\"fr-FR\",\"url\":\"https:\/\/www.christiancane.com\/blog\/wp-content\/uploads\/2021\/05\/une-histoire-de-famille_Image_349.jpg\",\"contentUrl\":\"https:\/\/www.christiancane.com\/blog\/wp-content\/uploads\/2021\/05\/une-histoire-de-famille_Image_349.jpg\",\"width\":1144,\"height\":720},{\"@type\":\"WebPage\",\"@id\":\"https:\/\/www.christiancane.com\/blog\/une-histoire-de-famille-chapitre-8-les-annees-2000\/#webpage\",\"url\":\"https:\/\/www.christiancane.com\/blog\/une-histoire-de-famille-chapitre-8-les-annees-2000\/\",\"name\":\"CHAPITRE 8 : LES ANNES 2000 | Christian Cane\",\"isPartOf\":{\"@id\":\"https:\/\/www.christiancane.com\/blog\/#website\"},\"primaryImageOfPage\":{\"@id\":\"https:\/\/www.christiancane.com\/blog\/une-histoire-de-famille-chapitre-8-les-annees-2000\/#primaryimage\"},\"datePublished\":\"2021-09-20T14:59:17+00:00\",\"dateModified\":\"2021-09-20T15:52:01+00:00\",\"breadcrumb\":{\"@id\":\"https:\/\/www.christiancane.com\/blog\/une-histoire-de-famille-chapitre-8-les-annees-2000\/#breadcrumb\"},\"inLanguage\":\"fr-FR\",\"potentialAction\":[{\"@type\":\"ReadAction\",\"target\":[\"https:\/\/www.christiancane.com\/blog\/une-histoire-de-famille-chapitre-8-les-annees-2000\/\"]}]},{\"@type\":\"BreadcrumbList\",\"@id\":\"https:\/\/www.christiancane.com\/blog\/une-histoire-de-famille-chapitre-8-les-annees-2000\/#breadcrumb\",\"itemListElement\":[{\"@type\":\"ListItem\",\"position\":1,\"name\":\"Accueil\",\"item\":\"https:\/\/www.christiancane.com\/blog\/\"},{\"@type\":\"ListItem\",\"position\":2,\"name\":\"UNE HISTOIRE DE FAMILLE &#8211; CHAPITRE 9 : LES ANNEES 2010\"}]}]}<\/script>\n<!-- \/ Yoast SEO plugin. -->","yoast_head_json":{"title":"CHAPITRE 8 : LES ANNES 2000 | Christian Cane","robots":{"index":"index","follow":"follow","max-snippet":"max-snippet:-1","max-image-preview":"max-image-preview:large","max-video-preview":"max-video-preview:-1"},"canonical":"https:\/\/www.christiancane.com\/blog\/une-histoire-de-famille-chapitre-8-les-annees-2000\/","og_locale":"fr_FR","og_type":"article","og_title":"CHAPITRE 8 : LES ANNES 2000 | Christian Cane","og_description":"CHAPITRE 9 : LES ANNEES 2010 La crise de 2008 a laiss\u00e9 des traces et la d\u00e9cade commence par une baisse d\u2019activit\u00e9 chez nos d\u00e9taillants en France mais surtout \u00e0 l\u2019exportation. Les centrales d\u2019achat r\u00e9duisent leur cout en supprimant les interm\u00e9diaires et importent directement. La cr\u00e9ation de nouvelles boutiques de centre-ville est stopp\u00e9e. Une restructuration &hellip; UNE HISTOIRE DE FAMILLE &#8211; CHAPITRE 9 : LES ANNEES 2010 Lire la suite\u00a0\u00bb","og_url":"https:\/\/www.christiancane.com\/blog\/une-histoire-de-famille-chapitre-8-les-annees-2000\/","article_modified_time":"2021-09-20T15:52:01+00:00","og_image":[{"url":"https:\/\/www.christiancane.com\/blog\/wp-content\/uploads\/2021\/05\/une-histoire-de-famille_Image_349-1024x644.jpg"}],"twitter_card":"summary_large_image","twitter_misc":{"Dur\u00e9e de lecture estim\u00e9e":"5 minutes"},"schema":{"@context":"https:\/\/schema.org","@graph":[{"@type":"WebSite","@id":"https:\/\/www.christiancane.com\/blog\/#website","url":"https:\/\/www.christiancane.com\/blog\/","name":"","description":"","potentialAction":[{"@type":"SearchAction","target":{"@type":"EntryPoint","urlTemplate":"https:\/\/www.christiancane.com\/blog\/?s={search_term_string}"},"query-input":"required name=search_term_string"}],"inLanguage":"fr-FR"},{"@type":"ImageObject","@id":"https:\/\/www.christiancane.com\/blog\/une-histoire-de-famille-chapitre-8-les-annees-2000\/#primaryimage","inLanguage":"fr-FR","url":"https:\/\/www.christiancane.com\/blog\/wp-content\/uploads\/2021\/05\/une-histoire-de-famille_Image_349.jpg","contentUrl":"https:\/\/www.christiancane.com\/blog\/wp-content\/uploads\/2021\/05\/une-histoire-de-famille_Image_349.jpg","width":1144,"height":720},{"@type":"WebPage","@id":"https:\/\/www.christiancane.com\/blog\/une-histoire-de-famille-chapitre-8-les-annees-2000\/#webpage","url":"https:\/\/www.christiancane.com\/blog\/une-histoire-de-famille-chapitre-8-les-annees-2000\/","name":"CHAPITRE 8 : LES ANNES 2000 | Christian Cane","isPartOf":{"@id":"https:\/\/www.christiancane.com\/blog\/#website"},"primaryImageOfPage":{"@id":"https:\/\/www.christiancane.com\/blog\/une-histoire-de-famille-chapitre-8-les-annees-2000\/#primaryimage"},"datePublished":"2021-09-20T14:59:17+00:00","dateModified":"2021-09-20T15:52:01+00:00","breadcrumb":{"@id":"https:\/\/www.christiancane.com\/blog\/une-histoire-de-famille-chapitre-8-les-annees-2000\/#breadcrumb"},"inLanguage":"fr-FR","potentialAction":[{"@type":"ReadAction","target":["https:\/\/www.christiancane.com\/blog\/une-histoire-de-famille-chapitre-8-les-annees-2000\/"]}]},{"@type":"BreadcrumbList","@id":"https:\/\/www.christiancane.com\/blog\/une-histoire-de-famille-chapitre-8-les-annees-2000\/#breadcrumb","itemListElement":[{"@type":"ListItem","position":1,"name":"Accueil","item":"https:\/\/www.christiancane.com\/blog\/"},{"@type":"ListItem","position":2,"name":"UNE HISTOIRE DE FAMILLE &#8211; CHAPITRE 9 : LES ANNEES 2010"}]}]}},"_links":{"self":[{"href":"https:\/\/www.christiancane.com\/blog\/wp-json\/wp\/v2\/pages\/393"}],"collection":[{"href":"https:\/\/www.christiancane.com\/blog\/wp-json\/wp\/v2\/pages"}],"about":[{"href":"https:\/\/www.christiancane.com\/blog\/wp-json\/wp\/v2\/types\/page"}],"author":[{"embeddable":true,"href":"https:\/\/www.christiancane.com\/blog\/wp-json\/wp\/v2\/users\/2"}],"replies":[{"embeddable":true,"href":"https:\/\/www.christiancane.com\/blog\/wp-json\/wp\/v2\/comments?post=393"}],"version-history":[{"count":14,"href":"https:\/\/www.christiancane.com\/blog\/wp-json\/wp\/v2\/pages\/393\/revisions"}],"predecessor-version":[{"id":425,"href":"https:\/\/www.christiancane.com\/blog\/wp-json\/wp\/v2\/pages\/393\/revisions\/425"}],"wp:attachment":[{"href":"https:\/\/www.christiancane.com\/blog\/wp-json\/wp\/v2\/media?parent=393"}],"curies":[{"name":"wp","href":"https:\/\/api.w.org\/{rel}","templated":true}]}}